{"id":376,"date":"2019-01-20T14:59:32","date_gmt":"2019-01-20T14:59:32","guid":{"rendered":"http:\/\/ppediciones.cl\/?page_id=376"},"modified":"2019-06-16T21:55:54","modified_gmt":"2019-06-16T21:55:54","slug":"coleccion-de-literatura-regional","status":"publish","type":"page","link":"https:\/\/ppediciones.cl\/?page_id=376","title":{"rendered":"Colecci\u00f3n Literatura Regional"},"content":{"rendered":"\n\n  \n    <div class=\"row large-columns-4 medium-columns-3 small-columns-2 row-small\">\n  \t\n\t     <div class=\"product-small col has-hover product type-product post-401 status-publish first instock product_cat-coleccion-literatura-regional has-post-thumbnail taxable shipping-taxable purchasable product-type-simple\">\n\t<div class=\"col-inner\">\n\t\n<div class=\"badge-container absolute left top z-1\">\n<\/div>\n\t<div class=\"product-small box \">\n\t\t<div class=\"box-image\">\n\t\t\t<div class=\"image-fade_in_back\">\n\t\t\t\t<a href=\"https:\/\/ppediciones.cl\/?product=tomo-12-no-tu-eduardo-arenas-rodriguez\" aria-label=\"TOMO 12 | No t\u00fa - Eduardo Arenas Rodr\u00edguez\">\n\t\t\t\t\t<img loading=\"lazy\" decoding=\"async\" width=\"459\" height=\"604\" src=\"https:\/\/ppediciones.cl\/wp-content\/uploads\/2019\/01\/12.jpg\" class=\"attachment-woocommerce_thumbnail size-woocommerce_thumbnail\" alt=\"TOMO 12 | No t\u00fa - Eduardo Arenas Rodr\u00edguez\" srcset=\"https:\/\/ppediciones.cl\/wp-content\/uploads\/2019\/01\/12.jpg 459w, https:\/\/ppediciones.cl\/wp-content\/uploads\/2019\/01\/12-304x400.jpg 304w\" sizes=\"auto, (max-width: 459px) 100vw, 459px\" \/>\t\t\t\t<\/a>\n\t\t\t<\/div>\n\t\t\t<div class=\"image-tools is-small top right show-on-hover\">\n\t\t\t\t\t\t<div class=\"wishlist-icon\">\n\t\t\t<button class=\"wishlist-button button is-outline circle icon\" aria-label=\"Wishlist\">\n\t\t\t\t<i class=\"icon-heart\" ><\/i>\t\t\t<\/button>\n\t\t\t<div class=\"wishlist-popup dark\">\n\t\t\t\t\n<div class=\"yith-wcwl-add-to-wishlist add-to-wishlist-401\">\n\t\t    <div class=\"yith-wcwl-add-button show\" style=\"display:block\">\n\n\t        \n<a href=\"\/index.php?rest_route=%2Fwp%2Fv2%2Fpages%2F376&#038;add_to_wishlist=401\" rel=\"nofollow\" data-product-id=\"401\" data-product-type=\"simple\" class=\"add_to_wishlist\" >\n        A\u00f1adir a la lista de deseos<\/a>\n<img loading=\"lazy\" decoding=\"async\" src=\"https:\/\/ppediciones.cl\/wp-content\/plugins\/yith-woocommerce-wishlist\/assets\/images\/wpspin_light.gif\" class=\"ajax-loading\" alt=\"loading\" width=\"16\" height=\"16\" style=\"visibility:hidden\" \/>\n\t    <\/div>\n\n\t    <div class=\"yith-wcwl-wishlistaddedbrowse hide\" style=\"display:none;\">\n\t        <span class=\"feedback\">Producto a\u00f1adido!<\/span>\n\t        <a href=\"https:\/\/ppediciones.cl\/?product=tomo-12-no-tu-eduardo-arenas-rodriguez&#038;wishlist-action\" rel=\"nofollow\">\n\t            Navegar por Lista de Deseos\t        <\/a>\n\t    <\/div>\n\n\t    <div class=\"yith-wcwl-wishlistexistsbrowse hide\" style=\"display:none\">\n\t        <span class=\"feedback\">El producto ya est\u00e1 en la lista de deseos!<\/span>\n\t        <a href=\"https:\/\/ppediciones.cl\/?product=tomo-12-no-tu-eduardo-arenas-rodriguez&#038;wishlist-action\" rel=\"nofollow\">\n\t            Navegar por Lista de Deseos\t        <\/a>\n\t    <\/div>\n\n\t    <div style=\"clear:both\"><\/div>\n\t    <div class=\"yith-wcwl-wishlistaddresponse\"><\/div>\n\t\n<\/div>\n\n<div class=\"clear\"><\/div>\t\t\t<\/div>\n\t\t<\/div>\n\t\t\t\t\t<\/div>\n\t\t\t<div class=\"image-tools is-small hide-for-small bottom left show-on-hover\">\n\t\t\t\t\t\t\t<\/div>\n\t\t\t<div class=\"image-tools grid-tools text-center hide-for-small bottom hover-slide-in show-on-hover\">\n\t\t\t\t  <a class=\"quick-view\" data-prod=\"401\" href=\"#quick-view\">Quick View<\/a>\t\t\t<\/div>\n\t\t\t\t\t<\/div>\n\n\t\t<div class=\"box-text box-text-products\">\n\t\t\t<div class=\"title-wrapper\">\t\t<p class=\"category uppercase is-smaller no-text-overflow product-cat op-7\">\n\t\t\tColecci\u00f3n Literatura Regional\t\t<\/p>\n\t<p class=\"name product-title woocommerce-loop-product__title\"><a href=\"https:\/\/ppediciones.cl\/?product=tomo-12-no-tu-eduardo-arenas-rodriguez\" class=\"woocommerce-LoopProduct-link woocommerce-loop-product__link\">TOMO 12 | No t\u00fa &#8211; Eduardo Arenas Rodr\u00edguez<\/a><\/p><\/div><div class=\"price-wrapper\">\n\t<span class=\"price\"><span class=\"woocommerce-Price-amount amount\"><bdi><span class=\"woocommerce-Price-currencySymbol\">$<\/span>4,000<\/bdi><\/span><\/span>\n<\/div><div class=\"add-to-cart-button\"><a href=\"\/index.php?rest_route=%2Fwp%2Fv2%2Fpages%2F376&#038;add-to-cart=401\" aria-describedby=\"woocommerce_loop_add_to_cart_link_describedby_401\" data-quantity=\"1\" class=\"primary is-small mb-0 button product_type_simple add_to_cart_button ajax_add_to_cart is-gloss\" data-product_id=\"401\" data-product_sku=\"\" aria-label=\"Agregar al carrito: &ldquo;TOMO 12 | No t\u00fa - Eduardo Arenas Rodr\u00edguez&rdquo;\" rel=\"nofollow\" data-success_message=\"&ldquo;TOMO 12 | No t\u00fa - Eduardo Arenas Rodr\u00edguez&rdquo; se ha a\u00f1adido a tu carro\" role=\"button\">Agregar al carrito<\/a><\/div>\t<span id=\"woocommerce_loop_add_to_cart_link_describedby_401\" class=\"screen-reader-text\">\n\t\t\t<\/span>\n\t\t<\/div>\n\t<\/div>\n\t\t<\/div>\n<\/div><div class=\"product-small col has-hover product type-product post-399 status-publish instock product_cat-coleccion-literatura-regional has-post-thumbnail taxable shipping-taxable purchasable product-type-simple\">\n\t<div class=\"col-inner\">\n\t\n<div class=\"badge-container absolute left top z-1\">\n<\/div>\n\t<div class=\"product-small box \">\n\t\t<div class=\"box-image\">\n\t\t\t<div class=\"image-fade_in_back\">\n\t\t\t\t<a href=\"https:\/\/ppediciones.cl\/?product=tomo-11-a-textos-sobre-la-otredad-primigenia-hernan-moran-vasquez-copia\" aria-label=\"TOMO 11 | Cartera de un escorpi\u00f3n - Saima Adasme Avaca\">\n\t\t\t\t\t<img loading=\"lazy\" decoding=\"async\" width=\"459\" height=\"604\" src=\"https:\/\/ppediciones.cl\/wp-content\/uploads\/2019\/01\/11.jpg\" class=\"attachment-woocommerce_thumbnail size-woocommerce_thumbnail\" alt=\"TOMO 11 | Cartera de un escorpi\u00f3n - Saima Adasme Avaca\" srcset=\"https:\/\/ppediciones.cl\/wp-content\/uploads\/2019\/01\/11.jpg 459w, https:\/\/ppediciones.cl\/wp-content\/uploads\/2019\/01\/11-304x400.jpg 304w\" sizes=\"auto, (max-width: 459px) 100vw, 459px\" \/>\t\t\t\t<\/a>\n\t\t\t<\/div>\n\t\t\t<div class=\"image-tools is-small top right show-on-hover\">\n\t\t\t\t\t\t<div class=\"wishlist-icon\">\n\t\t\t<button class=\"wishlist-button button is-outline circle icon\" aria-label=\"Wishlist\">\n\t\t\t\t<i class=\"icon-heart\" ><\/i>\t\t\t<\/button>\n\t\t\t<div class=\"wishlist-popup dark\">\n\t\t\t\t\n<div class=\"yith-wcwl-add-to-wishlist add-to-wishlist-399\">\n\t\t    <div class=\"yith-wcwl-add-button show\" style=\"display:block\">\n\n\t        \n<a href=\"\/index.php?rest_route=%2Fwp%2Fv2%2Fpages%2F376&#038;add_to_wishlist=399\" rel=\"nofollow\" data-product-id=\"399\" data-product-type=\"simple\" class=\"add_to_wishlist\" >\n        A\u00f1adir a la lista de deseos<\/a>\n<img loading=\"lazy\" decoding=\"async\" src=\"https:\/\/ppediciones.cl\/wp-content\/plugins\/yith-woocommerce-wishlist\/assets\/images\/wpspin_light.gif\" class=\"ajax-loading\" alt=\"loading\" width=\"16\" height=\"16\" style=\"visibility:hidden\" \/>\n\t    <\/div>\n\n\t    <div class=\"yith-wcwl-wishlistaddedbrowse hide\" style=\"display:none;\">\n\t        <span class=\"feedback\">Producto a\u00f1adido!<\/span>\n\t        <a href=\"https:\/\/ppediciones.cl\/?product=tomo-11-a-textos-sobre-la-otredad-primigenia-hernan-moran-vasquez-copia&#038;wishlist-action\" rel=\"nofollow\">\n\t            Navegar por Lista de Deseos\t        <\/a>\n\t    <\/div>\n\n\t    <div class=\"yith-wcwl-wishlistexistsbrowse hide\" style=\"display:none\">\n\t        <span class=\"feedback\">El producto ya est\u00e1 en la lista de deseos!<\/span>\n\t        <a href=\"https:\/\/ppediciones.cl\/?product=tomo-11-a-textos-sobre-la-otredad-primigenia-hernan-moran-vasquez-copia&#038;wishlist-action\" rel=\"nofollow\">\n\t            Navegar por Lista de Deseos\t        <\/a>\n\t    <\/div>\n\n\t    <div style=\"clear:both\"><\/div>\n\t    <div class=\"yith-wcwl-wishlistaddresponse\"><\/div>\n\t\n<\/div>\n\n<div class=\"clear\"><\/div>\t\t\t<\/div>\n\t\t<\/div>\n\t\t\t\t\t<\/div>\n\t\t\t<div class=\"image-tools is-small hide-for-small bottom left show-on-hover\">\n\t\t\t\t\t\t\t<\/div>\n\t\t\t<div class=\"image-tools grid-tools text-center hide-for-small bottom hover-slide-in show-on-hover\">\n\t\t\t\t  <a class=\"quick-view\" data-prod=\"399\" href=\"#quick-view\">Quick View<\/a>\t\t\t<\/div>\n\t\t\t\t\t<\/div>\n\n\t\t<div class=\"box-text box-text-products\">\n\t\t\t<div class=\"title-wrapper\">\t\t<p class=\"category uppercase is-smaller no-text-overflow product-cat op-7\">\n\t\t\tColecci\u00f3n Literatura Regional\t\t<\/p>\n\t<p class=\"name product-title woocommerce-loop-product__title\"><a href=\"https:\/\/ppediciones.cl\/?product=tomo-11-a-textos-sobre-la-otredad-primigenia-hernan-moran-vasquez-copia\" class=\"woocommerce-LoopProduct-link woocommerce-loop-product__link\">TOMO 11 | Cartera de un escorpi\u00f3n &#8211; Saima Adasme Avaca<\/a><\/p><\/div><div class=\"price-wrapper\">\n\t<span class=\"price\"><span class=\"woocommerce-Price-amount amount\"><bdi><span class=\"woocommerce-Price-currencySymbol\">$<\/span>4,000<\/bdi><\/span><\/span>\n<\/div><div class=\"add-to-cart-button\"><a href=\"\/index.php?rest_route=%2Fwp%2Fv2%2Fpages%2F376&#038;add-to-cart=399\" aria-describedby=\"woocommerce_loop_add_to_cart_link_describedby_399\" data-quantity=\"1\" class=\"primary is-small mb-0 button product_type_simple add_to_cart_button ajax_add_to_cart is-gloss\" data-product_id=\"399\" data-product_sku=\"\" aria-label=\"Agregar al carrito: &ldquo;TOMO 11 | Cartera de un escorpi\u00f3n - Saima Adasme Avaca&rdquo;\" rel=\"nofollow\" data-success_message=\"&ldquo;TOMO 11 | Cartera de un escorpi\u00f3n - Saima Adasme Avaca&rdquo; se ha a\u00f1adido a tu carro\" role=\"button\">Agregar al carrito<\/a><\/div>\t<span id=\"woocommerce_loop_add_to_cart_link_describedby_399\" class=\"screen-reader-text\">\n\t\t\t<\/span>\n\t\t<\/div>\n\t<\/div>\n\t\t<\/div>\n<\/div><div class=\"product-small col has-hover out-of-stock product type-product post-397 status-publish outofstock product_cat-coleccion-literatura-regional has-post-thumbnail taxable shipping-taxable purchasable product-type-simple\">\n\t<div class=\"col-inner\">\n\t\n<div class=\"badge-container absolute left top z-1\">\n<\/div>\n\t<div class=\"product-small box \">\n\t\t<div class=\"box-image\">\n\t\t\t<div class=\"image-fade_in_back\">\n\t\t\t\t<a href=\"https:\/\/ppediciones.cl\/?product=tomo-10-a-textos-sobre-la-otredad-primigenia-hernan-moran-vasquez\" aria-label=\"TOMO 10 | A, textos sobre la otredad primigenia - Hern\u00e1n Mor\u00e1n V\u00e1squez\">\n\t\t\t\t\t<img loading=\"lazy\" decoding=\"async\" width=\"459\" height=\"604\" src=\"https:\/\/ppediciones.cl\/wp-content\/uploads\/2019\/01\/10-1.jpg\" class=\"attachment-woocommerce_thumbnail size-woocommerce_thumbnail\" alt=\"TOMO 10 | A, textos sobre la otredad primigenia - Hern\u00e1n Mor\u00e1n V\u00e1squez\" srcset=\"https:\/\/ppediciones.cl\/wp-content\/uploads\/2019\/01\/10-1.jpg 459w, https:\/\/ppediciones.cl\/wp-content\/uploads\/2019\/01\/10-1-304x400.jpg 304w\" sizes=\"auto, (max-width: 459px) 100vw, 459px\" \/>\t\t\t\t<\/a>\n\t\t\t<\/div>\n\t\t\t<div class=\"image-tools is-small top right show-on-hover\">\n\t\t\t\t\t\t<div class=\"wishlist-icon\">\n\t\t\t<button class=\"wishlist-button button is-outline circle icon\" aria-label=\"Wishlist\">\n\t\t\t\t<i class=\"icon-heart\" ><\/i>\t\t\t<\/button>\n\t\t\t<div class=\"wishlist-popup dark\">\n\t\t\t\t\n<div class=\"yith-wcwl-add-to-wishlist add-to-wishlist-397\">\n\t\t    <div class=\"yith-wcwl-add-button show\" style=\"display:block\">\n\n\t        \n<a href=\"\/index.php?rest_route=%2Fwp%2Fv2%2Fpages%2F376&#038;add_to_wishlist=397\" rel=\"nofollow\" data-product-id=\"397\" data-product-type=\"simple\" class=\"add_to_wishlist\" >\n        A\u00f1adir a la lista de deseos<\/a>\n<img loading=\"lazy\" decoding=\"async\" src=\"https:\/\/ppediciones.cl\/wp-content\/plugins\/yith-woocommerce-wishlist\/assets\/images\/wpspin_light.gif\" class=\"ajax-loading\" alt=\"loading\" width=\"16\" height=\"16\" style=\"visibility:hidden\" \/>\n\t    <\/div>\n\n\t    <div class=\"yith-wcwl-wishlistaddedbrowse hide\" style=\"display:none;\">\n\t        <span class=\"feedback\">Producto a\u00f1adido!<\/span>\n\t        <a href=\"https:\/\/ppediciones.cl\/?product=tomo-10-a-textos-sobre-la-otredad-primigenia-hernan-moran-vasquez&#038;wishlist-action\" rel=\"nofollow\">\n\t            Navegar por Lista de Deseos\t        <\/a>\n\t    <\/div>\n\n\t    <div class=\"yith-wcwl-wishlistexistsbrowse hide\" style=\"display:none\">\n\t        <span class=\"feedback\">El producto ya est\u00e1 en la lista de deseos!<\/span>\n\t        <a href=\"https:\/\/ppediciones.cl\/?product=tomo-10-a-textos-sobre-la-otredad-primigenia-hernan-moran-vasquez&#038;wishlist-action\" rel=\"nofollow\">\n\t            Navegar por Lista de Deseos\t        <\/a>\n\t    <\/div>\n\n\t    <div style=\"clear:both\"><\/div>\n\t    <div class=\"yith-wcwl-wishlistaddresponse\"><\/div>\n\t\n<\/div>\n\n<div class=\"clear\"><\/div>\t\t\t<\/div>\n\t\t<\/div>\n\t\t\t\t\t<\/div>\n\t\t\t<div class=\"image-tools is-small hide-for-small bottom left show-on-hover\">\n\t\t\t\t\t\t\t<\/div>\n\t\t\t<div class=\"image-tools grid-tools text-center hide-for-small bottom hover-slide-in show-on-hover\">\n\t\t\t\t  <a class=\"quick-view\" data-prod=\"397\" href=\"#quick-view\">Quick View<\/a>\t\t\t<\/div>\n\t\t\t<div class=\"out-of-stock-label\">Agotado<\/div>\t\t<\/div>\n\n\t\t<div class=\"box-text box-text-products\">\n\t\t\t<div class=\"title-wrapper\">\t\t<p class=\"category uppercase is-smaller no-text-overflow product-cat op-7\">\n\t\t\tColecci\u00f3n Literatura Regional\t\t<\/p>\n\t<p class=\"name product-title woocommerce-loop-product__title\"><a href=\"https:\/\/ppediciones.cl\/?product=tomo-10-a-textos-sobre-la-otredad-primigenia-hernan-moran-vasquez\" class=\"woocommerce-LoopProduct-link woocommerce-loop-product__link\">TOMO 10 | A, textos sobre la otredad primigenia &#8211; Hern\u00e1n Mor\u00e1n V\u00e1squez<\/a><\/p><\/div><div class=\"price-wrapper\">\n\t<span class=\"price\"><span class=\"woocommerce-Price-amount amount\"><bdi><span class=\"woocommerce-Price-currencySymbol\">$<\/span>4,000<\/bdi><\/span><\/span>\n<\/div><div class=\"add-to-cart-button\"><a href=\"https:\/\/ppediciones.cl\/?product=tomo-10-a-textos-sobre-la-otredad-primigenia-hernan-moran-vasquez\" aria-describedby=\"woocommerce_loop_add_to_cart_link_describedby_397\" data-quantity=\"1\" class=\"primary is-small mb-0 button product_type_simple is-gloss\" data-product_id=\"397\" data-product_sku=\"\" aria-label=\"Lee m\u00e1s sobre &ldquo;TOMO 10 | A, textos sobre la otredad primigenia - Hern\u00e1n Mor\u00e1n V\u00e1squez&rdquo;\" rel=\"nofollow\" data-success_message=\"\">Leer m\u00e1s<\/a><\/div>\t<span id=\"woocommerce_loop_add_to_cart_link_describedby_397\" class=\"screen-reader-text\">\n\t\t\t<\/span>\n\t\t<\/div>\n\t<\/div>\n\t\t<\/div>\n<\/div><div class=\"product-small col has-hover out-of-stock product type-product post-395 status-publish last outofstock product_cat-coleccion-literatura-regional has-post-thumbnail taxable shipping-taxable purchasable product-type-simple\">\n\t<div class=\"col-inner\">\n\t\n<div class=\"badge-container absolute left top z-1\">\n<\/div>\n\t<div class=\"product-small box \">\n\t\t<div class=\"box-image\">\n\t\t\t<div class=\"image-fade_in_back\">\n\t\t\t\t<a href=\"https:\/\/ppediciones.cl\/?product=tomo-9-pavadas-antologia-poetica-2001-2008-pavito\" aria-label=\"TOMO 9 | PaVaDas (antolog\u00eda po\u00e9tica 2001 - 2008) - PaViTo\">\n\t\t\t\t\t<img loading=\"lazy\" decoding=\"async\" width=\"459\" height=\"604\" src=\"https:\/\/ppediciones.cl\/wp-content\/uploads\/2019\/01\/9.jpg\" class=\"attachment-woocommerce_thumbnail size-woocommerce_thumbnail\" alt=\"TOMO 9 | PaVaDas (antolog\u00eda po\u00e9tica 2001 - 2008) - PaViTo\" srcset=\"https:\/\/ppediciones.cl\/wp-content\/uploads\/2019\/01\/9.jpg 459w, https:\/\/ppediciones.cl\/wp-content\/uploads\/2019\/01\/9-304x400.jpg 304w\" sizes=\"auto, (max-width: 459px) 100vw, 459px\" \/>\t\t\t\t<\/a>\n\t\t\t<\/div>\n\t\t\t<div class=\"image-tools is-small top right show-on-hover\">\n\t\t\t\t\t\t<div class=\"wishlist-icon\">\n\t\t\t<button class=\"wishlist-button button is-outline circle icon\" aria-label=\"Wishlist\">\n\t\t\t\t<i class=\"icon-heart\" ><\/i>\t\t\t<\/button>\n\t\t\t<div class=\"wishlist-popup dark\">\n\t\t\t\t\n<div class=\"yith-wcwl-add-to-wishlist add-to-wishlist-395\">\n\t\t    <div class=\"yith-wcwl-add-button show\" style=\"display:block\">\n\n\t        \n<a href=\"\/index.php?rest_route=%2Fwp%2Fv2%2Fpages%2F376&#038;add_to_wishlist=395\" rel=\"nofollow\" data-product-id=\"395\" data-product-type=\"simple\" class=\"add_to_wishlist\" >\n        A\u00f1adir a la lista de deseos<\/a>\n<img loading=\"lazy\" decoding=\"async\" src=\"https:\/\/ppediciones.cl\/wp-content\/plugins\/yith-woocommerce-wishlist\/assets\/images\/wpspin_light.gif\" class=\"ajax-loading\" alt=\"loading\" width=\"16\" height=\"16\" style=\"visibility:hidden\" \/>\n\t    <\/div>\n\n\t    <div class=\"yith-wcwl-wishlistaddedbrowse hide\" style=\"display:none;\">\n\t        <span class=\"feedback\">Producto a\u00f1adido!<\/span>\n\t        <a href=\"https:\/\/ppediciones.cl\/?product=tomo-9-pavadas-antologia-poetica-2001-2008-pavito&#038;wishlist-action\" rel=\"nofollow\">\n\t            Navegar por Lista de Deseos\t        <\/a>\n\t    <\/div>\n\n\t    <div class=\"yith-wcwl-wishlistexistsbrowse hide\" style=\"display:none\">\n\t        <span class=\"feedback\">El producto ya est\u00e1 en la lista de deseos!<\/span>\n\t        <a href=\"https:\/\/ppediciones.cl\/?product=tomo-9-pavadas-antologia-poetica-2001-2008-pavito&#038;wishlist-action\" rel=\"nofollow\">\n\t            Navegar por Lista de Deseos\t        <\/a>\n\t    <\/div>\n\n\t    <div style=\"clear:both\"><\/div>\n\t    <div class=\"yith-wcwl-wishlistaddresponse\"><\/div>\n\t\n<\/div>\n\n<div class=\"clear\"><\/div>\t\t\t<\/div>\n\t\t<\/div>\n\t\t\t\t\t<\/div>\n\t\t\t<div class=\"image-tools is-small hide-for-small bottom left show-on-hover\">\n\t\t\t\t\t\t\t<\/div>\n\t\t\t<div class=\"image-tools grid-tools text-center hide-for-small bottom hover-slide-in show-on-hover\">\n\t\t\t\t  <a class=\"quick-view\" data-prod=\"395\" href=\"#quick-view\">Quick View<\/a>\t\t\t<\/div>\n\t\t\t<div class=\"out-of-stock-label\">Agotado<\/div>\t\t<\/div>\n\n\t\t<div class=\"box-text box-text-products\">\n\t\t\t<div class=\"title-wrapper\">\t\t<p class=\"category uppercase is-smaller no-text-overflow product-cat op-7\">\n\t\t\tColecci\u00f3n Literatura Regional\t\t<\/p>\n\t<p class=\"name product-title woocommerce-loop-product__title\"><a href=\"https:\/\/ppediciones.cl\/?product=tomo-9-pavadas-antologia-poetica-2001-2008-pavito\" class=\"woocommerce-LoopProduct-link woocommerce-loop-product__link\">TOMO 9 | PaVaDas (antolog\u00eda po\u00e9tica 2001 &#8211; 2008) &#8211; PaViTo<\/a><\/p><\/div><div class=\"price-wrapper\">\n\t<span class=\"price\"><span class=\"woocommerce-Price-amount amount\"><bdi><span class=\"woocommerce-Price-currencySymbol\">$<\/span>4,000<\/bdi><\/span><\/span>\n<\/div><div class=\"add-to-cart-button\"><a href=\"https:\/\/ppediciones.cl\/?product=tomo-9-pavadas-antologia-poetica-2001-2008-pavito\" aria-describedby=\"woocommerce_loop_add_to_cart_link_describedby_395\" data-quantity=\"1\" class=\"primary is-small mb-0 button product_type_simple is-gloss\" data-product_id=\"395\" data-product_sku=\"\" aria-label=\"Lee m\u00e1s sobre &ldquo;TOMO 9 | PaVaDas (antolog\u00eda po\u00e9tica 2001 - 2008) - PaViTo&rdquo;\" rel=\"nofollow\" data-success_message=\"\">Leer m\u00e1s<\/a><\/div>\t<span id=\"woocommerce_loop_add_to_cart_link_describedby_395\" class=\"screen-reader-text\">\n\t\t\t<\/span>\n\t\t<\/div>\n\t<\/div>\n\t\t<\/div>\n<\/div><div class=\"product-small col has-hover out-of-stock product type-product post-393 status-publish first outofstock product_cat-coleccion-literatura-regional has-post-thumbnail taxable shipping-taxable purchasable product-type-simple\">\n\t<div class=\"col-inner\">\n\t\n<div class=\"badge-container absolute left top z-1\">\n<\/div>\n\t<div class=\"product-small box \">\n\t\t<div class=\"box-image\">\n\t\t\t<div class=\"image-fade_in_back\">\n\t\t\t\t<a href=\"https:\/\/ppediciones.cl\/?product=tomo-8-la-vela-del-navio-alejandro-caballero-salas\" aria-label=\"TOMO 8 | La vela del nav\u00edo - Alejandro Caballero Salas\">\n\t\t\t\t\t<img loading=\"lazy\" decoding=\"async\" width=\"459\" height=\"604\" src=\"https:\/\/ppediciones.cl\/wp-content\/uploads\/2019\/01\/8.jpg\" class=\"attachment-woocommerce_thumbnail size-woocommerce_thumbnail\" alt=\"TOMO 8 | La vela del nav\u00edo - Alejandro Caballero Salas\" srcset=\"https:\/\/ppediciones.cl\/wp-content\/uploads\/2019\/01\/8.jpg 459w, https:\/\/ppediciones.cl\/wp-content\/uploads\/2019\/01\/8-304x400.jpg 304w\" sizes=\"auto, (max-width: 459px) 100vw, 459px\" \/>\t\t\t\t<\/a>\n\t\t\t<\/div>\n\t\t\t<div class=\"image-tools is-small top right show-on-hover\">\n\t\t\t\t\t\t<div class=\"wishlist-icon\">\n\t\t\t<button class=\"wishlist-button button is-outline circle icon\" aria-label=\"Wishlist\">\n\t\t\t\t<i class=\"icon-heart\" ><\/i>\t\t\t<\/button>\n\t\t\t<div class=\"wishlist-popup dark\">\n\t\t\t\t\n<div class=\"yith-wcwl-add-to-wishlist add-to-wishlist-393\">\n\t\t    <div class=\"yith-wcwl-add-button show\" style=\"display:block\">\n\n\t        \n<a href=\"\/index.php?rest_route=%2Fwp%2Fv2%2Fpages%2F376&#038;add_to_wishlist=393\" rel=\"nofollow\" data-product-id=\"393\" data-product-type=\"simple\" class=\"add_to_wishlist\" >\n        A\u00f1adir a la lista de deseos<\/a>\n<img loading=\"lazy\" decoding=\"async\" src=\"https:\/\/ppediciones.cl\/wp-content\/plugins\/yith-woocommerce-wishlist\/assets\/images\/wpspin_light.gif\" class=\"ajax-loading\" alt=\"loading\" width=\"16\" height=\"16\" style=\"visibility:hidden\" \/>\n\t    <\/div>\n\n\t    <div class=\"yith-wcwl-wishlistaddedbrowse hide\" style=\"display:none;\">\n\t        <span class=\"feedback\">Producto a\u00f1adido!<\/span>\n\t        <a href=\"https:\/\/ppediciones.cl\/?product=tomo-8-la-vela-del-navio-alejandro-caballero-salas&#038;wishlist-action\" rel=\"nofollow\">\n\t            Navegar por Lista de Deseos\t        <\/a>\n\t    <\/div>\n\n\t    <div class=\"yith-wcwl-wishlistexistsbrowse hide\" style=\"display:none\">\n\t        <span class=\"feedback\">El producto ya est\u00e1 en la lista de deseos!<\/span>\n\t        <a href=\"https:\/\/ppediciones.cl\/?product=tomo-8-la-vela-del-navio-alejandro-caballero-salas&#038;wishlist-action\" rel=\"nofollow\">\n\t            Navegar por Lista de Deseos\t        <\/a>\n\t    <\/div>\n\n\t    <div style=\"clear:both\"><\/div>\n\t    <div class=\"yith-wcwl-wishlistaddresponse\"><\/div>\n\t\n<\/div>\n\n<div class=\"clear\"><\/div>\t\t\t<\/div>\n\t\t<\/div>\n\t\t\t\t\t<\/div>\n\t\t\t<div class=\"image-tools is-small hide-for-small bottom left show-on-hover\">\n\t\t\t\t\t\t\t<\/div>\n\t\t\t<div class=\"image-tools grid-tools text-center hide-for-small bottom hover-slide-in show-on-hover\">\n\t\t\t\t  <a class=\"quick-view\" data-prod=\"393\" href=\"#quick-view\">Quick View<\/a>\t\t\t<\/div>\n\t\t\t<div class=\"out-of-stock-label\">Agotado<\/div>\t\t<\/div>\n\n\t\t<div class=\"box-text box-text-products\">\n\t\t\t<div class=\"title-wrapper\">\t\t<p class=\"category uppercase is-smaller no-text-overflow product-cat op-7\">\n\t\t\tColecci\u00f3n Literatura Regional\t\t<\/p>\n\t<p class=\"name product-title woocommerce-loop-product__title\"><a href=\"https:\/\/ppediciones.cl\/?product=tomo-8-la-vela-del-navio-alejandro-caballero-salas\" class=\"woocommerce-LoopProduct-link woocommerce-loop-product__link\">TOMO 8 | La vela del nav\u00edo &#8211; Alejandro Caballero Salas<\/a><\/p><\/div><div class=\"price-wrapper\">\n\t<span class=\"price\"><span class=\"woocommerce-Price-amount amount\"><bdi><span class=\"woocommerce-Price-currencySymbol\">$<\/span>4,000<\/bdi><\/span><\/span>\n<\/div><div class=\"add-to-cart-button\"><a href=\"https:\/\/ppediciones.cl\/?product=tomo-8-la-vela-del-navio-alejandro-caballero-salas\" aria-describedby=\"woocommerce_loop_add_to_cart_link_describedby_393\" data-quantity=\"1\" class=\"primary is-small mb-0 button product_type_simple is-gloss\" data-product_id=\"393\" data-product_sku=\"\" aria-label=\"Lee m\u00e1s sobre &ldquo;TOMO 8 | La vela del nav\u00edo - Alejandro Caballero Salas&rdquo;\" rel=\"nofollow\" data-success_message=\"\">Leer m\u00e1s<\/a><\/div>\t<span id=\"woocommerce_loop_add_to_cart_link_describedby_393\" class=\"screen-reader-text\">\n\t\t\t<\/span>\n\t\t<\/div>\n\t<\/div>\n\t\t<\/div>\n<\/div><div class=\"product-small col has-hover out-of-stock product type-product post-391 status-publish outofstock product_cat-coleccion-literatura-regional has-post-thumbnail taxable shipping-taxable purchasable product-type-simple\">\n\t<div class=\"col-inner\">\n\t\n<div class=\"badge-container absolute left top z-1\">\n<\/div>\n\t<div class=\"product-small box \">\n\t\t<div class=\"box-image\">\n\t\t\t<div class=\"image-fade_in_back\">\n\t\t\t\t<a href=\"https:\/\/ppediciones.cl\/?product=tomo-7-cuentos-pablo-carvajal\" aria-label=\"TOMO 7 | Cuentos - Pablo Carvajal\">\n\t\t\t\t\t<img loading=\"lazy\" decoding=\"async\" width=\"459\" height=\"604\" src=\"https:\/\/ppediciones.cl\/wp-content\/uploads\/2019\/01\/7.jpg\" class=\"attachment-woocommerce_thumbnail size-woocommerce_thumbnail\" alt=\"TOMO 7 | Cuentos - Pablo Carvajal\" srcset=\"https:\/\/ppediciones.cl\/wp-content\/uploads\/2019\/01\/7.jpg 459w, https:\/\/ppediciones.cl\/wp-content\/uploads\/2019\/01\/7-304x400.jpg 304w\" sizes=\"auto, (max-width: 459px) 100vw, 459px\" \/>\t\t\t\t<\/a>\n\t\t\t<\/div>\n\t\t\t<div class=\"image-tools is-small top right show-on-hover\">\n\t\t\t\t\t\t<div class=\"wishlist-icon\">\n\t\t\t<button class=\"wishlist-button button is-outline circle icon\" aria-label=\"Wishlist\">\n\t\t\t\t<i class=\"icon-heart\" ><\/i>\t\t\t<\/button>\n\t\t\t<div class=\"wishlist-popup dark\">\n\t\t\t\t\n<div class=\"yith-wcwl-add-to-wishlist add-to-wishlist-391\">\n\t\t    <div class=\"yith-wcwl-add-button show\" style=\"display:block\">\n\n\t        \n<a href=\"\/index.php?rest_route=%2Fwp%2Fv2%2Fpages%2F376&#038;add_to_wishlist=391\" rel=\"nofollow\" data-product-id=\"391\" data-product-type=\"simple\" class=\"add_to_wishlist\" >\n        A\u00f1adir a la lista de deseos<\/a>\n<img loading=\"lazy\" decoding=\"async\" src=\"https:\/\/ppediciones.cl\/wp-content\/plugins\/yith-woocommerce-wishlist\/assets\/images\/wpspin_light.gif\" class=\"ajax-loading\" alt=\"loading\" width=\"16\" height=\"16\" style=\"visibility:hidden\" \/>\n\t    <\/div>\n\n\t    <div class=\"yith-wcwl-wishlistaddedbrowse hide\" style=\"display:none;\">\n\t        <span class=\"feedback\">Producto a\u00f1adido!<\/span>\n\t        <a href=\"https:\/\/ppediciones.cl\/?product=tomo-7-cuentos-pablo-carvajal&#038;wishlist-action\" rel=\"nofollow\">\n\t            Navegar por Lista de Deseos\t        <\/a>\n\t    <\/div>\n\n\t    <div class=\"yith-wcwl-wishlistexistsbrowse hide\" style=\"display:none\">\n\t        <span class=\"feedback\">El producto ya est\u00e1 en la lista de deseos!<\/span>\n\t        <a href=\"https:\/\/ppediciones.cl\/?product=tomo-7-cuentos-pablo-carvajal&#038;wishlist-action\" rel=\"nofollow\">\n\t            Navegar por Lista de Deseos\t        <\/a>\n\t    <\/div>\n\n\t    <div style=\"clear:both\"><\/div>\n\t    <div class=\"yith-wcwl-wishlistaddresponse\"><\/div>\n\t\n<\/div>\n\n<div class=\"clear\"><\/div>\t\t\t<\/div>\n\t\t<\/div>\n\t\t\t\t\t<\/div>\n\t\t\t<div class=\"image-tools is-small hide-for-small bottom left show-on-hover\">\n\t\t\t\t\t\t\t<\/div>\n\t\t\t<div class=\"image-tools grid-tools text-center hide-for-small bottom hover-slide-in show-on-hover\">\n\t\t\t\t  <a class=\"quick-view\" data-prod=\"391\" href=\"#quick-view\">Quick View<\/a>\t\t\t<\/div>\n\t\t\t<div class=\"out-of-stock-label\">Agotado<\/div>\t\t<\/div>\n\n\t\t<div class=\"box-text box-text-products\">\n\t\t\t<div class=\"title-wrapper\">\t\t<p class=\"category uppercase is-smaller no-text-overflow product-cat op-7\">\n\t\t\tColecci\u00f3n Literatura Regional\t\t<\/p>\n\t<p class=\"name product-title woocommerce-loop-product__title\"><a href=\"https:\/\/ppediciones.cl\/?product=tomo-7-cuentos-pablo-carvajal\" class=\"woocommerce-LoopProduct-link woocommerce-loop-product__link\">TOMO 7 | Cuentos &#8211; Pablo Carvajal<\/a><\/p><\/div><div class=\"price-wrapper\">\n\t<span class=\"price\"><span class=\"woocommerce-Price-amount amount\"><bdi><span class=\"woocommerce-Price-currencySymbol\">$<\/span>4,000<\/bdi><\/span><\/span>\n<\/div><div class=\"add-to-cart-button\"><a href=\"https:\/\/ppediciones.cl\/?product=tomo-7-cuentos-pablo-carvajal\" aria-describedby=\"woocommerce_loop_add_to_cart_link_describedby_391\" data-quantity=\"1\" class=\"primary is-small mb-0 button product_type_simple is-gloss\" data-product_id=\"391\" data-product_sku=\"\" aria-label=\"Lee m\u00e1s sobre &ldquo;TOMO 7 | Cuentos - Pablo Carvajal&rdquo;\" rel=\"nofollow\" data-success_message=\"\">Leer m\u00e1s<\/a><\/div>\t<span id=\"woocommerce_loop_add_to_cart_link_describedby_391\" class=\"screen-reader-text\">\n\t\t\t<\/span>\n\t\t<\/div>\n\t<\/div>\n\t\t<\/div>\n<\/div><div class=\"product-small col has-hover out-of-stock product type-product post-389 status-publish outofstock product_cat-coleccion-literatura-regional has-post-thumbnail taxable shipping-taxable purchasable product-type-simple\">\n\t<div class=\"col-inner\">\n\t\n<div class=\"badge-container absolute left top z-1\">\n<\/div>\n\t<div class=\"product-small box \">\n\t\t<div class=\"box-image\">\n\t\t\t<div class=\"image-fade_in_back\">\n\t\t\t\t<a href=\"https:\/\/ppediciones.cl\/?product=tomo-6-hierofanias-oscar-ulloa-arevalo\" aria-label=\"TOMO 6 | Hierofan\u00edas - Oscar Ulloa Ar\u00e9valo\">\n\t\t\t\t\t<img loading=\"lazy\" decoding=\"async\" width=\"459\" height=\"604\" src=\"https:\/\/ppediciones.cl\/wp-content\/uploads\/2019\/01\/6.jpg\" class=\"attachment-woocommerce_thumbnail size-woocommerce_thumbnail\" alt=\"TOMO 6 | Hierofan\u00edas - Oscar Ulloa Ar\u00e9valo\" srcset=\"https:\/\/ppediciones.cl\/wp-content\/uploads\/2019\/01\/6.jpg 459w, https:\/\/ppediciones.cl\/wp-content\/uploads\/2019\/01\/6-304x400.jpg 304w\" sizes=\"auto, (max-width: 459px) 100vw, 459px\" \/>\t\t\t\t<\/a>\n\t\t\t<\/div>\n\t\t\t<div class=\"image-tools is-small top right show-on-hover\">\n\t\t\t\t\t\t<div class=\"wishlist-icon\">\n\t\t\t<button class=\"wishlist-button button is-outline circle icon\" aria-label=\"Wishlist\">\n\t\t\t\t<i class=\"icon-heart\" ><\/i>\t\t\t<\/button>\n\t\t\t<div class=\"wishlist-popup dark\">\n\t\t\t\t\n<div class=\"yith-wcwl-add-to-wishlist add-to-wishlist-389\">\n\t\t    <div class=\"yith-wcwl-add-button show\" style=\"display:block\">\n\n\t        \n<a href=\"\/index.php?rest_route=%2Fwp%2Fv2%2Fpages%2F376&#038;add_to_wishlist=389\" rel=\"nofollow\" data-product-id=\"389\" data-product-type=\"simple\" class=\"add_to_wishlist\" >\n        A\u00f1adir a la lista de deseos<\/a>\n<img loading=\"lazy\" decoding=\"async\" src=\"https:\/\/ppediciones.cl\/wp-content\/plugins\/yith-woocommerce-wishlist\/assets\/images\/wpspin_light.gif\" class=\"ajax-loading\" alt=\"loading\" width=\"16\" height=\"16\" style=\"visibility:hidden\" \/>\n\t    <\/div>\n\n\t    <div class=\"yith-wcwl-wishlistaddedbrowse hide\" style=\"display:none;\">\n\t        <span class=\"feedback\">Producto a\u00f1adido!<\/span>\n\t        <a href=\"https:\/\/ppediciones.cl\/?product=tomo-6-hierofanias-oscar-ulloa-arevalo&#038;wishlist-action\" rel=\"nofollow\">\n\t            Navegar por Lista de Deseos\t        <\/a>\n\t    <\/div>\n\n\t    <div class=\"yith-wcwl-wishlistexistsbrowse hide\" style=\"display:none\">\n\t        <span class=\"feedback\">El producto ya est\u00e1 en la lista de deseos!<\/span>\n\t        <a href=\"https:\/\/ppediciones.cl\/?product=tomo-6-hierofanias-oscar-ulloa-arevalo&#038;wishlist-action\" rel=\"nofollow\">\n\t            Navegar por Lista de Deseos\t        <\/a>\n\t    <\/div>\n\n\t    <div style=\"clear:both\"><\/div>\n\t    <div class=\"yith-wcwl-wishlistaddresponse\"><\/div>\n\t\n<\/div>\n\n<div class=\"clear\"><\/div>\t\t\t<\/div>\n\t\t<\/div>\n\t\t\t\t\t<\/div>\n\t\t\t<div class=\"image-tools is-small hide-for-small bottom left show-on-hover\">\n\t\t\t\t\t\t\t<\/div>\n\t\t\t<div class=\"image-tools grid-tools text-center hide-for-small bottom hover-slide-in show-on-hover\">\n\t\t\t\t  <a class=\"quick-view\" data-prod=\"389\" href=\"#quick-view\">Quick View<\/a>\t\t\t<\/div>\n\t\t\t<div class=\"out-of-stock-label\">Agotado<\/div>\t\t<\/div>\n\n\t\t<div class=\"box-text box-text-products\">\n\t\t\t<div class=\"title-wrapper\">\t\t<p class=\"category uppercase is-smaller no-text-overflow product-cat op-7\">\n\t\t\tColecci\u00f3n Literatura Regional\t\t<\/p>\n\t<p class=\"name product-title woocommerce-loop-product__title\"><a href=\"https:\/\/ppediciones.cl\/?product=tomo-6-hierofanias-oscar-ulloa-arevalo\" class=\"woocommerce-LoopProduct-link woocommerce-loop-product__link\">TOMO 6 | Hierofan\u00edas &#8211; Oscar Ulloa Ar\u00e9valo<\/a><\/p><\/div><div class=\"price-wrapper\">\n\t<span class=\"price\"><span class=\"woocommerce-Price-amount amount\"><bdi><span class=\"woocommerce-Price-currencySymbol\">$<\/span>6,000<\/bdi><\/span><\/span>\n<\/div><div class=\"add-to-cart-button\"><a href=\"https:\/\/ppediciones.cl\/?product=tomo-6-hierofanias-oscar-ulloa-arevalo\" aria-describedby=\"woocommerce_loop_add_to_cart_link_describedby_389\" data-quantity=\"1\" class=\"primary is-small mb-0 button product_type_simple is-gloss\" data-product_id=\"389\" data-product_sku=\"\" aria-label=\"Lee m\u00e1s sobre &ldquo;TOMO 6 | Hierofan\u00edas - Oscar Ulloa Ar\u00e9valo&rdquo;\" rel=\"nofollow\" data-success_message=\"\">Leer m\u00e1s<\/a><\/div>\t<span id=\"woocommerce_loop_add_to_cart_link_describedby_389\" class=\"screen-reader-text\">\n\t\t\t<\/span>\n\t\t<\/div>\n\t<\/div>\n\t\t<\/div>\n<\/div><div class=\"product-small col has-hover out-of-stock product type-product post-386 status-publish last outofstock product_cat-coleccion-literatura-regional has-post-thumbnail taxable shipping-taxable purchasable product-type-simple\">\n\t<div class=\"col-inner\">\n\t\n<div class=\"badge-container absolute left top z-1\">\n<\/div>\n\t<div class=\"product-small box \">\n\t\t<div class=\"box-image\">\n\t\t\t<div class=\"image-fade_in_back\">\n\t\t\t\t<a href=\"https:\/\/ppediciones.cl\/?product=tomo-5-pichilemu-blues-esteban-valenzuela-van-treek\" aria-label=\"TOMO 5 | Pichilemu Blues - Esteban Valenzuela van Treek\">\n\t\t\t\t\t<img loading=\"lazy\" decoding=\"async\" width=\"459\" height=\"604\" src=\"https:\/\/ppediciones.cl\/wp-content\/uploads\/2019\/01\/5.jpg\" class=\"attachment-woocommerce_thumbnail size-woocommerce_thumbnail\" alt=\"TOMO 5 | Pichilemu Blues - Esteban Valenzuela van Treek\" srcset=\"https:\/\/ppediciones.cl\/wp-content\/uploads\/2019\/01\/5.jpg 459w, https:\/\/ppediciones.cl\/wp-content\/uploads\/2019\/01\/5-304x400.jpg 304w\" sizes=\"auto, (max-width: 459px) 100vw, 459px\" \/>\t\t\t\t<\/a>\n\t\t\t<\/div>\n\t\t\t<div class=\"image-tools is-small top right show-on-hover\">\n\t\t\t\t\t\t<div class=\"wishlist-icon\">\n\t\t\t<button class=\"wishlist-button button is-outline circle icon\" aria-label=\"Wishlist\">\n\t\t\t\t<i class=\"icon-heart\" ><\/i>\t\t\t<\/button>\n\t\t\t<div class=\"wishlist-popup dark\">\n\t\t\t\t\n<div class=\"yith-wcwl-add-to-wishlist add-to-wishlist-386\">\n\t\t    <div class=\"yith-wcwl-add-button show\" style=\"display:block\">\n\n\t        \n<a href=\"\/index.php?rest_route=%2Fwp%2Fv2%2Fpages%2F376&#038;add_to_wishlist=386\" rel=\"nofollow\" data-product-id=\"386\" data-product-type=\"simple\" class=\"add_to_wishlist\" >\n        A\u00f1adir a la lista de deseos<\/a>\n<img loading=\"lazy\" decoding=\"async\" src=\"https:\/\/ppediciones.cl\/wp-content\/plugins\/yith-woocommerce-wishlist\/assets\/images\/wpspin_light.gif\" class=\"ajax-loading\" alt=\"loading\" width=\"16\" height=\"16\" style=\"visibility:hidden\" \/>\n\t    <\/div>\n\n\t    <div class=\"yith-wcwl-wishlistaddedbrowse hide\" style=\"display:none;\">\n\t        <span class=\"feedback\">Producto a\u00f1adido!<\/span>\n\t        <a href=\"https:\/\/ppediciones.cl\/?product=tomo-5-pichilemu-blues-esteban-valenzuela-van-treek&#038;wishlist-action\" rel=\"nofollow\">\n\t            Navegar por Lista de Deseos\t        <\/a>\n\t    <\/div>\n\n\t    <div class=\"yith-wcwl-wishlistexistsbrowse hide\" style=\"display:none\">\n\t        <span class=\"feedback\">El producto ya est\u00e1 en la lista de deseos!<\/span>\n\t        <a href=\"https:\/\/ppediciones.cl\/?product=tomo-5-pichilemu-blues-esteban-valenzuela-van-treek&#038;wishlist-action\" rel=\"nofollow\">\n\t            Navegar por Lista de Deseos\t        <\/a>\n\t    <\/div>\n\n\t    <div style=\"clear:both\"><\/div>\n\t    <div class=\"yith-wcwl-wishlistaddresponse\"><\/div>\n\t\n<\/div>\n\n<div class=\"clear\"><\/div>\t\t\t<\/div>\n\t\t<\/div>\n\t\t\t\t\t<\/div>\n\t\t\t<div class=\"image-tools is-small hide-for-small bottom left show-on-hover\">\n\t\t\t\t\t\t\t<\/div>\n\t\t\t<div class=\"image-tools grid-tools text-center hide-for-small bottom hover-slide-in show-on-hover\">\n\t\t\t\t  <a class=\"quick-view\" data-prod=\"386\" href=\"#quick-view\">Quick View<\/a>\t\t\t<\/div>\n\t\t\t<div class=\"out-of-stock-label\">Agotado<\/div>\t\t<\/div>\n\n\t\t<div class=\"box-text box-text-products\">\n\t\t\t<div class=\"title-wrapper\">\t\t<p class=\"category uppercase is-smaller no-text-overflow product-cat op-7\">\n\t\t\tColecci\u00f3n Literatura Regional\t\t<\/p>\n\t<p class=\"name product-title woocommerce-loop-product__title\"><a href=\"https:\/\/ppediciones.cl\/?product=tomo-5-pichilemu-blues-esteban-valenzuela-van-treek\" class=\"woocommerce-LoopProduct-link woocommerce-loop-product__link\">TOMO 5 | Pichilemu Blues &#8211; Esteban Valenzuela van Treek<\/a><\/p><\/div><div class=\"price-wrapper\">\n\t<span class=\"price\"><span class=\"woocommerce-Price-amount amount\"><bdi><span class=\"woocommerce-Price-currencySymbol\">$<\/span>4,000<\/bdi><\/span><\/span>\n<\/div><div class=\"add-to-cart-button\"><a href=\"https:\/\/ppediciones.cl\/?product=tomo-5-pichilemu-blues-esteban-valenzuela-van-treek\" aria-describedby=\"woocommerce_loop_add_to_cart_link_describedby_386\" data-quantity=\"1\" class=\"primary is-small mb-0 button product_type_simple is-gloss\" data-product_id=\"386\" data-product_sku=\"\" aria-label=\"Lee m\u00e1s sobre &ldquo;TOMO 5 | Pichilemu Blues - Esteban Valenzuela van Treek&rdquo;\" rel=\"nofollow\" data-success_message=\"\">Leer m\u00e1s<\/a><\/div>\t<span id=\"woocommerce_loop_add_to_cart_link_describedby_386\" class=\"screen-reader-text\">\n\t\t\t<\/span>\n\t\t<\/div>\n\t<\/div>\n\t\t<\/div>\n<\/div><div class=\"product-small col has-hover out-of-stock product type-product post-385 status-publish first outofstock product_cat-coleccion-literatura-regional has-post-thumbnail taxable shipping-taxable purchasable product-type-simple\">\n\t<div class=\"col-inner\">\n\t\n<div class=\"badge-container absolute left top z-1\">\n<\/div>\n\t<div class=\"product-small box \">\n\t\t<div class=\"box-image\">\n\t\t\t<div class=\"image-fade_in_back\">\n\t\t\t\t<a href=\"https:\/\/ppediciones.cl\/?product=tomo-4-esquina-silenciosa-angela-barrera-cordonez\" aria-label=\"TOMO 4 | Esquina Silenciosa - \u00c1ngela Barrera Cordonez\">\n\t\t\t\t\t<img loading=\"lazy\" decoding=\"async\" width=\"459\" height=\"604\" src=\"https:\/\/ppediciones.cl\/wp-content\/uploads\/2019\/01\/4.jpg\" class=\"attachment-woocommerce_thumbnail size-woocommerce_thumbnail\" alt=\"TOMO 4 | Esquina Silenciosa - \u00c1ngela Barrera Cordonez\" srcset=\"https:\/\/ppediciones.cl\/wp-content\/uploads\/2019\/01\/4.jpg 459w, https:\/\/ppediciones.cl\/wp-content\/uploads\/2019\/01\/4-304x400.jpg 304w\" sizes=\"auto, (max-width: 459px) 100vw, 459px\" \/>\t\t\t\t<\/a>\n\t\t\t<\/div>\n\t\t\t<div class=\"image-tools is-small top right show-on-hover\">\n\t\t\t\t\t\t<div class=\"wishlist-icon\">\n\t\t\t<button class=\"wishlist-button button is-outline circle icon\" aria-label=\"Wishlist\">\n\t\t\t\t<i class=\"icon-heart\" ><\/i>\t\t\t<\/button>\n\t\t\t<div class=\"wishlist-popup dark\">\n\t\t\t\t\n<div class=\"yith-wcwl-add-to-wishlist add-to-wishlist-385\">\n\t\t    <div class=\"yith-wcwl-add-button show\" style=\"display:block\">\n\n\t        \n<a href=\"\/index.php?rest_route=%2Fwp%2Fv2%2Fpages%2F376&#038;add_to_wishlist=385\" rel=\"nofollow\" data-product-id=\"385\" data-product-type=\"simple\" class=\"add_to_wishlist\" >\n        A\u00f1adir a la lista de deseos<\/a>\n<img loading=\"lazy\" decoding=\"async\" src=\"https:\/\/ppediciones.cl\/wp-content\/plugins\/yith-woocommerce-wishlist\/assets\/images\/wpspin_light.gif\" class=\"ajax-loading\" alt=\"loading\" width=\"16\" height=\"16\" style=\"visibility:hidden\" \/>\n\t    <\/div>\n\n\t    <div class=\"yith-wcwl-wishlistaddedbrowse hide\" style=\"display:none;\">\n\t        <span class=\"feedback\">Producto a\u00f1adido!<\/span>\n\t        <a href=\"https:\/\/ppediciones.cl\/?product=tomo-4-esquina-silenciosa-angela-barrera-cordonez&#038;wishlist-action\" rel=\"nofollow\">\n\t            Navegar por Lista de Deseos\t        <\/a>\n\t    <\/div>\n\n\t    <div class=\"yith-wcwl-wishlistexistsbrowse hide\" style=\"display:none\">\n\t        <span class=\"feedback\">El producto ya est\u00e1 en la lista de deseos!<\/span>\n\t        <a href=\"https:\/\/ppediciones.cl\/?product=tomo-4-esquina-silenciosa-angela-barrera-cordonez&#038;wishlist-action\" rel=\"nofollow\">\n\t            Navegar por Lista de Deseos\t        <\/a>\n\t    <\/div>\n\n\t    <div style=\"clear:both\"><\/div>\n\t    <div class=\"yith-wcwl-wishlistaddresponse\"><\/div>\n\t\n<\/div>\n\n<div class=\"clear\"><\/div>\t\t\t<\/div>\n\t\t<\/div>\n\t\t\t\t\t<\/div>\n\t\t\t<div class=\"image-tools is-small hide-for-small bottom left show-on-hover\">\n\t\t\t\t\t\t\t<\/div>\n\t\t\t<div class=\"image-tools grid-tools text-center hide-for-small bottom hover-slide-in show-on-hover\">\n\t\t\t\t  <a class=\"quick-view\" data-prod=\"385\" href=\"#quick-view\">Quick View<\/a>\t\t\t<\/div>\n\t\t\t<div class=\"out-of-stock-label\">Agotado<\/div>\t\t<\/div>\n\n\t\t<div class=\"box-text box-text-products\">\n\t\t\t<div class=\"title-wrapper\">\t\t<p class=\"category uppercase is-smaller no-text-overflow product-cat op-7\">\n\t\t\tColecci\u00f3n Literatura Regional\t\t<\/p>\n\t<p class=\"name product-title woocommerce-loop-product__title\"><a href=\"https:\/\/ppediciones.cl\/?product=tomo-4-esquina-silenciosa-angela-barrera-cordonez\" class=\"woocommerce-LoopProduct-link woocommerce-loop-product__link\">TOMO 4 | Esquina Silenciosa &#8211; \u00c1ngela Barrera Cordonez<\/a><\/p><\/div><div class=\"price-wrapper\">\n\t<span class=\"price\"><span class=\"woocommerce-Price-amount amount\"><bdi><span class=\"woocommerce-Price-currencySymbol\">$<\/span>4,000<\/bdi><\/span><\/span>\n<\/div><div class=\"add-to-cart-button\"><a href=\"https:\/\/ppediciones.cl\/?product=tomo-4-esquina-silenciosa-angela-barrera-cordonez\" aria-describedby=\"woocommerce_loop_add_to_cart_link_describedby_385\" data-quantity=\"1\" class=\"primary is-small mb-0 button product_type_simple is-gloss\" data-product_id=\"385\" data-product_sku=\"\" aria-label=\"Lee m\u00e1s sobre &ldquo;TOMO 4 | Esquina Silenciosa - \u00c1ngela Barrera Cordonez&rdquo;\" rel=\"nofollow\" data-success_message=\"\">Leer m\u00e1s<\/a><\/div>\t<span id=\"woocommerce_loop_add_to_cart_link_describedby_385\" class=\"screen-reader-text\">\n\t\t\t<\/span>\n\t\t<\/div>\n\t<\/div>\n\t\t<\/div>\n<\/div><div class=\"product-small col has-hover out-of-stock product type-product post-382 status-publish outofstock product_cat-coleccion-literatura-regional has-post-thumbnail taxable shipping-taxable purchasable product-type-simple\">\n\t<div class=\"col-inner\">\n\t\n<div class=\"badge-container absolute left top z-1\">\n<\/div>\n\t<div class=\"product-small box \">\n\t\t<div class=\"box-image\">\n\t\t\t<div class=\"image-fade_in_back\">\n\t\t\t\t<a href=\"https:\/\/ppediciones.cl\/?product=tomo-3-septiembre-viene-cantando-fernando-jiron-duran\" aria-label=\"TOMO 3 | Septiembre viene cantando - Fernando Jir\u00f3n Dur\u00e1n\">\n\t\t\t\t\t<img loading=\"lazy\" decoding=\"async\" width=\"466\" height=\"604\" src=\"https:\/\/ppediciones.cl\/wp-content\/uploads\/2019\/01\/3.jpg\" class=\"attachment-woocommerce_thumbnail size-woocommerce_thumbnail\" alt=\"TOMO 3 | Septiembre viene cantando - Fernando Jir\u00f3n Dur\u00e1n\" srcset=\"https:\/\/ppediciones.cl\/wp-content\/uploads\/2019\/01\/3.jpg 466w, https:\/\/ppediciones.cl\/wp-content\/uploads\/2019\/01\/3-309x400.jpg 309w\" sizes=\"auto, (max-width: 466px) 100vw, 466px\" \/>\t\t\t\t<\/a>\n\t\t\t<\/div>\n\t\t\t<div class=\"image-tools is-small top right show-on-hover\">\n\t\t\t\t\t\t<div class=\"wishlist-icon\">\n\t\t\t<button class=\"wishlist-button button is-outline circle icon\" aria-label=\"Wishlist\">\n\t\t\t\t<i class=\"icon-heart\" ><\/i>\t\t\t<\/button>\n\t\t\t<div class=\"wishlist-popup dark\">\n\t\t\t\t\n<div class=\"yith-wcwl-add-to-wishlist add-to-wishlist-382\">\n\t\t    <div class=\"yith-wcwl-add-button show\" style=\"display:block\">\n\n\t        \n<a href=\"\/index.php?rest_route=%2Fwp%2Fv2%2Fpages%2F376&#038;add_to_wishlist=382\" rel=\"nofollow\" data-product-id=\"382\" data-product-type=\"simple\" class=\"add_to_wishlist\" >\n        A\u00f1adir a la lista de deseos<\/a>\n<img loading=\"lazy\" decoding=\"async\" src=\"https:\/\/ppediciones.cl\/wp-content\/plugins\/yith-woocommerce-wishlist\/assets\/images\/wpspin_light.gif\" class=\"ajax-loading\" alt=\"loading\" width=\"16\" height=\"16\" style=\"visibility:hidden\" \/>\n\t    <\/div>\n\n\t    <div class=\"yith-wcwl-wishlistaddedbrowse hide\" style=\"display:none;\">\n\t        <span class=\"feedback\">Producto a\u00f1adido!<\/span>\n\t        <a href=\"https:\/\/ppediciones.cl\/?product=tomo-3-septiembre-viene-cantando-fernando-jiron-duran&#038;wishlist-action\" rel=\"nofollow\">\n\t            Navegar por Lista de Deseos\t        <\/a>\n\t    <\/div>\n\n\t    <div class=\"yith-wcwl-wishlistexistsbrowse hide\" style=\"display:none\">\n\t        <span class=\"feedback\">El producto ya est\u00e1 en la lista de deseos!<\/span>\n\t        <a href=\"https:\/\/ppediciones.cl\/?product=tomo-3-septiembre-viene-cantando-fernando-jiron-duran&#038;wishlist-action\" rel=\"nofollow\">\n\t            Navegar por Lista de Deseos\t        <\/a>\n\t    <\/div>\n\n\t    <div style=\"clear:both\"><\/div>\n\t    <div class=\"yith-wcwl-wishlistaddresponse\"><\/div>\n\t\n<\/div>\n\n<div class=\"clear\"><\/div>\t\t\t<\/div>\n\t\t<\/div>\n\t\t\t\t\t<\/div>\n\t\t\t<div class=\"image-tools is-small hide-for-small bottom left show-on-hover\">\n\t\t\t\t\t\t\t<\/div>\n\t\t\t<div class=\"image-tools grid-tools text-center hide-for-small bottom hover-slide-in show-on-hover\">\n\t\t\t\t  <a class=\"quick-view\" data-prod=\"382\" href=\"#quick-view\">Quick View<\/a>\t\t\t<\/div>\n\t\t\t<div class=\"out-of-stock-label\">Agotado<\/div>\t\t<\/div>\n\n\t\t<div class=\"box-text box-text-products\">\n\t\t\t<div class=\"title-wrapper\">\t\t<p class=\"category uppercase is-smaller no-text-overflow product-cat op-7\">\n\t\t\tColecci\u00f3n Literatura Regional\t\t<\/p>\n\t<p class=\"name product-title woocommerce-loop-product__title\"><a href=\"https:\/\/ppediciones.cl\/?product=tomo-3-septiembre-viene-cantando-fernando-jiron-duran\" class=\"woocommerce-LoopProduct-link woocommerce-loop-product__link\">TOMO 3 | Septiembre viene cantando &#8211; Fernando Jir\u00f3n Dur\u00e1n<\/a><\/p><\/div><div class=\"price-wrapper\">\n\t<span class=\"price\"><span class=\"woocommerce-Price-amount amount\"><bdi><span class=\"woocommerce-Price-currencySymbol\">$<\/span>4,000<\/bdi><\/span><\/span>\n<\/div><div class=\"add-to-cart-button\"><a href=\"https:\/\/ppediciones.cl\/?product=tomo-3-septiembre-viene-cantando-fernando-jiron-duran\" aria-describedby=\"woocommerce_loop_add_to_cart_link_describedby_382\" data-quantity=\"1\" class=\"primary is-small mb-0 button product_type_simple is-gloss\" data-product_id=\"382\" data-product_sku=\"\" aria-label=\"Lee m\u00e1s sobre &ldquo;TOMO 3 | Septiembre viene cantando - Fernando Jir\u00f3n Dur\u00e1n&rdquo;\" rel=\"nofollow\" data-success_message=\"\">Leer m\u00e1s<\/a><\/div>\t<span id=\"woocommerce_loop_add_to_cart_link_describedby_382\" class=\"screen-reader-text\">\n\t\t\t<\/span>\n\t\t<\/div>\n\t<\/div>\n\t\t<\/div>\n<\/div><div class=\"product-small col has-hover out-of-stock product type-product post-381 status-publish outofstock product_cat-coleccion-literatura-regional has-post-thumbnail taxable shipping-taxable purchasable product-type-simple\">\n\t<div class=\"col-inner\">\n\t\n<div class=\"badge-container absolute left top z-1\">\n<\/div>\n\t<div class=\"product-small box \">\n\t\t<div class=\"box-image\">\n\t\t\t<div class=\"image-fade_in_back\">\n\t\t\t\t<a href=\"https:\/\/ppediciones.cl\/?product=tomo-1-espacio-tiempo-y-rock-roll-marcelo-garrido-copia\" aria-label=\"TOMO 2 | Con todo respeto - Luis Concha Henr\u00edquez\">\n\t\t\t\t\t<img loading=\"lazy\" decoding=\"async\" width=\"448\" height=\"604\" src=\"https:\/\/ppediciones.cl\/wp-content\/uploads\/2019\/01\/2.jpg\" class=\"attachment-woocommerce_thumbnail size-woocommerce_thumbnail\" alt=\"TOMO 2 | Con todo respeto - Luis Concha Henr\u00edquez\" srcset=\"https:\/\/ppediciones.cl\/wp-content\/uploads\/2019\/01\/2.jpg 448w, https:\/\/ppediciones.cl\/wp-content\/uploads\/2019\/01\/2-297x400.jpg 297w\" sizes=\"auto, (max-width: 448px) 100vw, 448px\" \/>\t\t\t\t<\/a>\n\t\t\t<\/div>\n\t\t\t<div class=\"image-tools is-small top right show-on-hover\">\n\t\t\t\t\t\t<div class=\"wishlist-icon\">\n\t\t\t<button class=\"wishlist-button button is-outline circle icon\" aria-label=\"Wishlist\">\n\t\t\t\t<i class=\"icon-heart\" ><\/i>\t\t\t<\/button>\n\t\t\t<div class=\"wishlist-popup dark\">\n\t\t\t\t\n<div class=\"yith-wcwl-add-to-wishlist add-to-wishlist-381\">\n\t\t    <div class=\"yith-wcwl-add-button show\" style=\"display:block\">\n\n\t        \n<a href=\"\/index.php?rest_route=%2Fwp%2Fv2%2Fpages%2F376&#038;add_to_wishlist=381\" rel=\"nofollow\" data-product-id=\"381\" data-product-type=\"simple\" class=\"add_to_wishlist\" >\n        A\u00f1adir a la lista de deseos<\/a>\n<img loading=\"lazy\" decoding=\"async\" src=\"https:\/\/ppediciones.cl\/wp-content\/plugins\/yith-woocommerce-wishlist\/assets\/images\/wpspin_light.gif\" class=\"ajax-loading\" alt=\"loading\" width=\"16\" height=\"16\" style=\"visibility:hidden\" \/>\n\t    <\/div>\n\n\t    <div class=\"yith-wcwl-wishlistaddedbrowse hide\" style=\"display:none;\">\n\t        <span class=\"feedback\">Producto a\u00f1adido!<\/span>\n\t        <a href=\"https:\/\/ppediciones.cl\/?product=tomo-1-espacio-tiempo-y-rock-roll-marcelo-garrido-copia&#038;wishlist-action\" rel=\"nofollow\">\n\t            Navegar por Lista de Deseos\t        <\/a>\n\t    <\/div>\n\n\t    <div class=\"yith-wcwl-wishlistexistsbrowse hide\" style=\"display:none\">\n\t        <span class=\"feedback\">El producto ya est\u00e1 en la lista de deseos!<\/span>\n\t        <a href=\"https:\/\/ppediciones.cl\/?product=tomo-1-espacio-tiempo-y-rock-roll-marcelo-garrido-copia&#038;wishlist-action\" rel=\"nofollow\">\n\t            Navegar por Lista de Deseos\t        <\/a>\n\t    <\/div>\n\n\t    <div style=\"clear:both\"><\/div>\n\t    <div class=\"yith-wcwl-wishlistaddresponse\"><\/div>\n\t\n<\/div>\n\n<div class=\"clear\"><\/div>\t\t\t<\/div>\n\t\t<\/div>\n\t\t\t\t\t<\/div>\n\t\t\t<div class=\"image-tools is-small hide-for-small bottom left show-on-hover\">\n\t\t\t\t\t\t\t<\/div>\n\t\t\t<div class=\"image-tools grid-tools text-center hide-for-small bottom hover-slide-in show-on-hover\">\n\t\t\t\t  <a class=\"quick-view\" data-prod=\"381\" href=\"#quick-view\">Quick View<\/a>\t\t\t<\/div>\n\t\t\t<div class=\"out-of-stock-label\">Agotado<\/div>\t\t<\/div>\n\n\t\t<div class=\"box-text box-text-products\">\n\t\t\t<div class=\"title-wrapper\">\t\t<p class=\"category uppercase is-smaller no-text-overflow product-cat op-7\">\n\t\t\tColecci\u00f3n Literatura Regional\t\t<\/p>\n\t<p class=\"name product-title woocommerce-loop-product__title\"><a href=\"https:\/\/ppediciones.cl\/?product=tomo-1-espacio-tiempo-y-rock-roll-marcelo-garrido-copia\" class=\"woocommerce-LoopProduct-link woocommerce-loop-product__link\">TOMO 2 | Con todo respeto &#8211; Luis Concha Henr\u00edquez<\/a><\/p><\/div><div class=\"price-wrapper\">\n\t<span class=\"price\"><span class=\"woocommerce-Price-amount amount\"><bdi><span class=\"woocommerce-Price-currencySymbol\">$<\/span>4,000<\/bdi><\/span><\/span>\n<\/div><div class=\"add-to-cart-button\"><a href=\"https:\/\/ppediciones.cl\/?product=tomo-1-espacio-tiempo-y-rock-roll-marcelo-garrido-copia\" aria-describedby=\"woocommerce_loop_add_to_cart_link_describedby_381\" data-quantity=\"1\" class=\"primary is-small mb-0 button product_type_simple is-gloss\" data-product_id=\"381\" data-product_sku=\"\" aria-label=\"Lee m\u00e1s sobre &ldquo;TOMO 2 | Con todo respeto - Luis Concha Henr\u00edquez&rdquo;\" rel=\"nofollow\" data-success_message=\"\">Leer m\u00e1s<\/a><\/div>\t<span id=\"woocommerce_loop_add_to_cart_link_describedby_381\" class=\"screen-reader-text\">\n\t\t\t<\/span>\n\t\t<\/div>\n\t<\/div>\n\t\t<\/div>\n<\/div><div class=\"product-small col has-hover out-of-stock product type-product post-374 status-publish last outofstock product_cat-coleccion-literatura-regional has-post-thumbnail taxable shipping-taxable purchasable product-type-simple\">\n\t<div class=\"col-inner\">\n\t\n<div class=\"badge-container absolute left top z-1\">\n<\/div>\n\t<div class=\"product-small box \">\n\t\t<div class=\"box-image\">\n\t\t\t<div class=\"image-fade_in_back\">\n\t\t\t\t<a href=\"https:\/\/ppediciones.cl\/?product=espacio-tiempo-y-rock-roll-tomo-1-marcelo-garrido\" aria-label=\"TOMO 1 | Espacio, tiempo y rock &amp; roll - Marcelo Garrido\">\n\t\t\t\t\t<img loading=\"lazy\" decoding=\"async\" width=\"448\" height=\"604\" src=\"https:\/\/ppediciones.cl\/wp-content\/uploads\/2019\/01\/1.jpg\" class=\"attachment-woocommerce_thumbnail size-woocommerce_thumbnail\" alt=\"TOMO 1 | Espacio, tiempo y rock &amp; roll - Marcelo Garrido\" srcset=\"https:\/\/ppediciones.cl\/wp-content\/uploads\/2019\/01\/1.jpg 448w, https:\/\/ppediciones.cl\/wp-content\/uploads\/2019\/01\/1-297x400.jpg 297w\" sizes=\"auto, (max-width: 448px) 100vw, 448px\" \/>\t\t\t\t<\/a>\n\t\t\t<\/div>\n\t\t\t<div class=\"image-tools is-small top right show-on-hover\">\n\t\t\t\t\t\t<div class=\"wishlist-icon\">\n\t\t\t<button class=\"wishlist-button button is-outline circle icon\" aria-label=\"Wishlist\">\n\t\t\t\t<i class=\"icon-heart\" ><\/i>\t\t\t<\/button>\n\t\t\t<div class=\"wishlist-popup dark\">\n\t\t\t\t\n<div class=\"yith-wcwl-add-to-wishlist add-to-wishlist-374\">\n\t\t    <div class=\"yith-wcwl-add-button show\" style=\"display:block\">\n\n\t        \n<a href=\"\/index.php?rest_route=%2Fwp%2Fv2%2Fpages%2F376&#038;add_to_wishlist=374\" rel=\"nofollow\" data-product-id=\"374\" data-product-type=\"simple\" class=\"add_to_wishlist\" >\n        A\u00f1adir a la lista de deseos<\/a>\n<img loading=\"lazy\" decoding=\"async\" src=\"https:\/\/ppediciones.cl\/wp-content\/plugins\/yith-woocommerce-wishlist\/assets\/images\/wpspin_light.gif\" class=\"ajax-loading\" alt=\"loading\" width=\"16\" height=\"16\" style=\"visibility:hidden\" \/>\n\t    <\/div>\n\n\t    <div class=\"yith-wcwl-wishlistaddedbrowse hide\" style=\"display:none;\">\n\t        <span class=\"feedback\">Producto a\u00f1adido!<\/span>\n\t        <a href=\"https:\/\/ppediciones.cl\/?product=espacio-tiempo-y-rock-roll-tomo-1-marcelo-garrido&#038;wishlist-action\" rel=\"nofollow\">\n\t            Navegar por Lista de Deseos\t        <\/a>\n\t    <\/div>\n\n\t    <div class=\"yith-wcwl-wishlistexistsbrowse hide\" style=\"display:none\">\n\t        <span class=\"feedback\">El producto ya est\u00e1 en la lista de deseos!<\/span>\n\t        <a href=\"https:\/\/ppediciones.cl\/?product=espacio-tiempo-y-rock-roll-tomo-1-marcelo-garrido&#038;wishlist-action\" rel=\"nofollow\">\n\t            Navegar por Lista de Deseos\t        <\/a>\n\t    <\/div>\n\n\t    <div style=\"clear:both\"><\/div>\n\t    <div class=\"yith-wcwl-wishlistaddresponse\"><\/div>\n\t\n<\/div>\n\n<div class=\"clear\"><\/div>\t\t\t<\/div>\n\t\t<\/div>\n\t\t\t\t\t<\/div>\n\t\t\t<div class=\"image-tools is-small hide-for-small bottom left show-on-hover\">\n\t\t\t\t\t\t\t<\/div>\n\t\t\t<div class=\"image-tools grid-tools text-center hide-for-small bottom hover-slide-in show-on-hover\">\n\t\t\t\t  <a class=\"quick-view\" data-prod=\"374\" href=\"#quick-view\">Quick View<\/a>\t\t\t<\/div>\n\t\t\t<div class=\"out-of-stock-label\">Agotado<\/div>\t\t<\/div>\n\n\t\t<div class=\"box-text box-text-products\">\n\t\t\t<div class=\"title-wrapper\">\t\t<p class=\"category uppercase is-smaller no-text-overflow product-cat op-7\">\n\t\t\tColecci\u00f3n Literatura Regional\t\t<\/p>\n\t<p class=\"name product-title woocommerce-loop-product__title\"><a href=\"https:\/\/ppediciones.cl\/?product=espacio-tiempo-y-rock-roll-tomo-1-marcelo-garrido\" class=\"woocommerce-LoopProduct-link woocommerce-loop-product__link\">TOMO 1 | Espacio, tiempo y rock &#038; roll &#8211; Marcelo Garrido<\/a><\/p><\/div><div class=\"price-wrapper\">\n\t<span class=\"price\"><span class=\"woocommerce-Price-amount amount\"><bdi><span class=\"woocommerce-Price-currencySymbol\">$<\/span>4,000<\/bdi><\/span><\/span>\n<\/div><div class=\"add-to-cart-button\"><a href=\"https:\/\/ppediciones.cl\/?product=espacio-tiempo-y-rock-roll-tomo-1-marcelo-garrido\" aria-describedby=\"woocommerce_loop_add_to_cart_link_describedby_374\" data-quantity=\"1\" class=\"primary is-small mb-0 button product_type_simple is-gloss\" data-product_id=\"374\" data-product_sku=\"\" aria-label=\"Lee m\u00e1s sobre &ldquo;TOMO 1 | Espacio, tiempo y rock &amp; roll - Marcelo Garrido&rdquo;\" rel=\"nofollow\" data-success_message=\"\">Leer m\u00e1s<\/a><\/div>\t<span id=\"woocommerce_loop_add_to_cart_link_describedby_374\" class=\"screen-reader-text\">\n\t\t\t<\/span>\n\t\t<\/div>\n\t<\/div>\n\t\t<\/div>\n<\/div><\/div>\n","protected":false},"excerpt":{"rendered":"","protected":false},"author":1,"featured_media":0,"parent":0,"menu_order":0,"comment_status":"open","ping_status":"closed","template":"","meta":{"footnotes":""},"class_list":["post-376","page","type-page","status-publish","hentry"],"_links":{"self":[{"href":"https:\/\/ppediciones.cl\/index.php?rest_route=\/wp\/v2\/pages\/376","targetHints":{"allow":["GET"]}}],"collection":[{"href":"https:\/\/ppediciones.cl\/index.php?rest_route=\/wp\/v2\/pages"}],"about":[{"href":"https:\/\/ppediciones.cl\/index.php?rest_route=\/wp\/v2\/types\/page"}],"author":[{"embeddable":true,"href":"https:\/\/ppediciones.cl\/index.php?rest_route=\/wp\/v2\/users\/1"}],"replies":[{"embeddable":true,"href":"https:\/\/ppediciones.cl\/index.php?rest_route=%2Fwp%2Fv2%2Fcomments&post=376"}],"version-history":[{"count":3,"href":"https:\/\/ppediciones.cl\/index.php?rest_route=\/wp\/v2\/pages\/376\/revisions"}],"predecessor-version":[{"id":866,"href":"https:\/\/ppediciones.cl\/index.php?rest_route=\/wp\/v2\/pages\/376\/revisions\/866"}],"wp:attachment":[{"href":"https:\/\/ppediciones.cl\/index.php?rest_route=%2Fwp%2Fv2%2Fmedia&parent=376"}],"curies":[{"name":"wp","href":"https:\/\/api.w.org\/{rel}","templated":true}]}}