{"id":912,"date":"2019-08-29T12:30:39","date_gmt":"2019-08-29T12:30:39","guid":{"rendered":"http:\/\/ppediciones.cl\/?page_id=912"},"modified":"2022-06-24T18:23:34","modified_gmt":"2022-06-24T18:23:34","slug":"coleccion-suenos","status":"publish","type":"page","link":"https:\/\/ppediciones.cl\/?page_id=912","title":{"rendered":"Colecci\u00f3n Sue\u00f1os"},"content":{"rendered":"\n\n  <div class=\"banner has-hover\" id=\"banner-844449561\">\n          <div class=\"banner-inner fill\">\n        <div class=\"banner-bg fill\" >\n            <div class=\"bg fill bg-fill \"><\/div>\n                                    \n                    <\/div>\n\t\t\n        <div class=\"banner-layers container\">\n            <div class=\"fill banner-link\"><\/div>            \n\n   <div id=\"text-box-816968121\" class=\"text-box banner-layer x50 md-x50 lg-x50 y50 md-y50 lg-y50 res-text\">\n                                <div class=\"text-box-content text dark\">\n              \n              <div class=\"text-inner text-center\">\n                  \n\n<h3 class=\"uppercase\"><strong>COLECCI\u00d3N SUE\u00d1OS<\/strong><\/h3>\n<p><p>El Grupo Sue\u00f1os, de m\u00e9dicos escritores, naci\u00f3 el 28 de abril de 1999 por iniciativa del Dr. Juan Villalobos Narbona, quien congreg\u00f3 a un peque\u00f1o grupo de colegas con inclinaciones literarias. El Dr. Villalobos fue durante a\u00f1os, y hasta su partida, miembro del grupo Los In\u00fatiles, creado por el insigne poeta rancag\u00fcino Oscar Castro, y fundado en los preceptos de camarader\u00eda que han servido de inspiraci\u00f3n al Grupo Sue\u00f1os.<br \/>\nLa agrupaci\u00f3n realiza al menos una reuni\u00f3n mayor al a\u00f1o -conocida como \u201cCongreso Nacional de M\u00e9dicos Escritores\u201d- en distintas locaciones de Chile, que se extiende por tres a cuatro d\u00edas, y en la que la declamaci\u00f3n y la lectura son pretextos para la convivencia y la reflexi\u00f3n, en un ambiente de sencillez y espontaneidad.<br \/>\nEl grupo ha participado tambi\u00e9n activamente en algunos congresos latinoamericanos fuera de Chile (Argentina, Guatemala, Colombia y el pr\u00f3ximo a\u00f1o en Uruguay). Es costumbre que participen tambi\u00e9n otros profesionales de la salud y estudiantes de medicina.<br \/>\nComo objetivo permanente, el Grupo espera mantener la fidelidad de sus miembros, la regularidad de los eventos, motivar a m\u00e1s m\u00e9dicos escritores y amigos a participar, y a compartir sus visiones de la realidad y de la fantas\u00eda en prosa y en verso.<\/p><\/p>\n\n              <\/div>\n           <\/div>\n                            \n<style>\n#text-box-816968121 {\n  width: 89%;\n}\n#text-box-816968121 .text-box-content {\n  font-size: 100%;\n}\n<\/style>\n    <\/div>\n \n\n        <\/div>\n      <\/div>\n\n            \n<style>\n#banner-844449561 {\n  padding-top: 500px;\n  background-color: rgb(0, 135, 147);\n}\n#banner-844449561 .ux-shape-divider--top svg {\n  height: 150px;\n  --divider-top-width: 100%;\n}\n#banner-844449561 .ux-shape-divider--bottom svg {\n  height: 150px;\n  --divider-width: 100%;\n}\n<\/style>\n  <\/div>\n\n\n\t<div id=\"gap-2127193522\" class=\"gap-element clearfix\" style=\"display:block; height:auto;\">\n\t\t\n<style>\n#gap-2127193522 {\n  padding-top: 30px;\n}\n<\/style>\n\t<\/div>\n\t\n\n\n  \n    <div class=\"row large-columns-4 medium-columns-3 small-columns-2 row-small row-full-width\">\n  \t\n\t     <div class=\"col\" >\n\t\t\t\t\t\t<div class=\"col-inner\">\n\t\t\t\t\t\t\n<div class=\"badge-container absolute left top z-1\">\n<\/div>\n\t\t\t\t\t\t<div class=\"product-small box has-hover box-normal box-text-bottom\">\n\t\t\t\t\t\t\t<div class=\"box-image\" >\n\t\t\t\t\t\t\t\t<div class=\"image-cover\" style=\"padding-top:148%;\">\n\t\t\t\t\t\t\t\t\t<a href=\"https:\/\/ppediciones.cl\/?product=sonetario-triste-roman-vitor\" aria-label=\"Sonetario triste | Roman Viator\">\n\t\t\t\t\t\t\t\t\t\t<img loading=\"lazy\" decoding=\"async\" width=\"1621\" height=\"2500\" src=\"https:\/\/ppediciones.cl\/wp-content\/uploads\/2025\/04\/Sonetario-triste-01.jpg\" class=\"attachment-original size-original\" alt=\"Sonetario triste | Roman Viator\" \/>\t\t\t\t\t\t\t\t\t<\/a>\n\t\t\t\t\t\t\t\t\t\t\t\t\t\t\t\t\t\t \t\t\t\t\t\t\t\t<\/div>\n\t\t\t\t\t\t\t\t<div class=\"image-tools top right show-on-hover\">\n\t\t\t\t\t\t\t\t\t\t\t<div class=\"wishlist-icon\">\n\t\t\t<button class=\"wishlist-button button is-outline circle icon\" aria-label=\"Wishlist\">\n\t\t\t\t<i class=\"icon-heart\" ><\/i>\t\t\t<\/button>\n\t\t\t<div class=\"wishlist-popup dark\">\n\t\t\t\t\n<div class=\"yith-wcwl-add-to-wishlist add-to-wishlist-2922\">\n\t\t    <div class=\"yith-wcwl-add-button show\" style=\"display:block\">\n\n\t        \n<a href=\"\/index.php?rest_route=%2Fwp%2Fv2%2Fpages%2F912&#038;add_to_wishlist=2922\" rel=\"nofollow\" data-product-id=\"2922\" data-product-type=\"simple\" class=\"add_to_wishlist\" >\n        A\u00f1adir a la lista de deseos<\/a>\n<img loading=\"lazy\" decoding=\"async\" src=\"https:\/\/ppediciones.cl\/wp-content\/plugins\/yith-woocommerce-wishlist\/assets\/images\/wpspin_light.gif\" class=\"ajax-loading\" alt=\"loading\" width=\"16\" height=\"16\" style=\"visibility:hidden\" \/>\n\t    <\/div>\n\n\t    <div class=\"yith-wcwl-wishlistaddedbrowse hide\" style=\"display:none;\">\n\t        <span class=\"feedback\">Producto a\u00f1adido!<\/span>\n\t        <a href=\"https:\/\/ppediciones.cl\/?product=sonetario-triste-roman-vitor&#038;wishlist-action\" rel=\"nofollow\">\n\t            Navegar por Lista de Deseos\t        <\/a>\n\t    <\/div>\n\n\t    <div class=\"yith-wcwl-wishlistexistsbrowse hide\" style=\"display:none\">\n\t        <span class=\"feedback\">El producto ya est\u00e1 en la lista de deseos!<\/span>\n\t        <a href=\"https:\/\/ppediciones.cl\/?product=sonetario-triste-roman-vitor&#038;wishlist-action\" rel=\"nofollow\">\n\t            Navegar por Lista de Deseos\t        <\/a>\n\t    <\/div>\n\n\t    <div style=\"clear:both\"><\/div>\n\t    <div class=\"yith-wcwl-wishlistaddresponse\"><\/div>\n\t\n<\/div>\n\n<div class=\"clear\"><\/div>\t\t\t<\/div>\n\t\t<\/div>\n\t\t\t\t\t\t\t\t\t\t<\/div>\n\t\t\t\t\t\t\t\t\t\t\t\t\t\t\t\t\t<div class=\"image-tools grid-tools text-center hide-for-small bottom hover-slide-in show-on-hover\">\n\t\t\t\t\t\t\t\t\t\t  <a class=\"quick-view\" data-prod=\"2922\" href=\"#quick-view\">Quick View<\/a>\t\t\t\t\t\t\t\t\t<\/div>\n\t\t\t\t\t\t\t\t\t\t\t\t\t\t\t\t\t\t\t\t\t\t\t<\/div>\n\n\t\t\t\t\t\t\t<div class=\"box-text text-center\" >\n\t\t\t\t\t\t\t\t<div class=\"title-wrapper\">\t\t<p class=\"category uppercase is-smaller no-text-overflow product-cat op-7\">\n\t\t\t2025\t\t<\/p>\n\t<p class=\"name product-title woocommerce-loop-product__title\"><a href=\"https:\/\/ppediciones.cl\/?product=sonetario-triste-roman-vitor\" class=\"woocommerce-LoopProduct-link woocommerce-loop-product__link\">Sonetario triste | Roman Viator<\/a><\/p><\/div><div class=\"price-wrapper\">\n\t<span class=\"price\"><span class=\"woocommerce-Price-amount amount\"><bdi><span class=\"woocommerce-Price-currencySymbol\">$<\/span>10,000<\/bdi><\/span><\/span>\n<\/div><div class=\"add-to-cart-button\"><a href=\"\/index.php?rest_route=%2Fwp%2Fv2%2Fpages%2F912&#038;add-to-cart=2922\" aria-describedby=\"woocommerce_loop_add_to_cart_link_describedby_2922\" data-quantity=\"1\" class=\"primary is-small mb-0 button product_type_simple add_to_cart_button ajax_add_to_cart is-gloss\" data-product_id=\"2922\" data-product_sku=\"\" aria-label=\"Agregar al carrito: &ldquo;Sonetario triste | Roman Viator&rdquo;\" rel=\"nofollow\" data-success_message=\"&ldquo;Sonetario triste | Roman Viator&rdquo; se ha a\u00f1adido a tu carro\" role=\"button\">Agregar al carrito<\/a><\/div>\t<span id=\"woocommerce_loop_add_to_cart_link_describedby_2922\" class=\"screen-reader-text\">\n\t\t\t<\/span>\n\t\t\t\t\t\t\t<\/div>\n\t\t\t\t\t\t<\/div>\n\t\t\t\t\t\t<\/div>\n\t\t\t\t\t<\/div><div class=\"col\" >\n\t\t\t\t\t\t<div class=\"col-inner\">\n\t\t\t\t\t\t\n<div class=\"badge-container absolute left top z-1\">\n<\/div>\n\t\t\t\t\t\t<div class=\"product-small box has-hover box-normal box-text-bottom\">\n\t\t\t\t\t\t\t<div class=\"box-image\" >\n\t\t\t\t\t\t\t\t<div class=\"image-cover\" style=\"padding-top:148%;\">\n\t\t\t\t\t\t\t\t\t<a href=\"https:\/\/ppediciones.cl\/?product=poesia-para-marear-cuerdos-c-a-jaque\" aria-label=\"Poes\u00eda para marear cuerdos | c.a.jaque\">\n\t\t\t\t\t\t\t\t\t\t<img loading=\"lazy\" decoding=\"async\" width=\"1621\" height=\"2500\" src=\"https:\/\/ppediciones.cl\/wp-content\/uploads\/2025\/04\/Poesia-para-marear-cuerdos-01.jpg\" class=\"attachment-original size-original\" alt=\"Poes\u00eda para marear cuerdos | c.a.jaque\" \/>\t\t\t\t\t\t\t\t\t<\/a>\n\t\t\t\t\t\t\t\t\t\t\t\t\t\t\t\t\t\t \t\t\t\t\t\t\t\t<\/div>\n\t\t\t\t\t\t\t\t<div class=\"image-tools top right show-on-hover\">\n\t\t\t\t\t\t\t\t\t\t\t<div class=\"wishlist-icon\">\n\t\t\t<button class=\"wishlist-button button is-outline circle icon\" aria-label=\"Wishlist\">\n\t\t\t\t<i class=\"icon-heart\" ><\/i>\t\t\t<\/button>\n\t\t\t<div class=\"wishlist-popup dark\">\n\t\t\t\t\n<div class=\"yith-wcwl-add-to-wishlist add-to-wishlist-2920\">\n\t\t    <div class=\"yith-wcwl-add-button show\" style=\"display:block\">\n\n\t        \n<a href=\"\/index.php?rest_route=%2Fwp%2Fv2%2Fpages%2F912&#038;add_to_wishlist=2920\" rel=\"nofollow\" data-product-id=\"2920\" data-product-type=\"simple\" class=\"add_to_wishlist\" >\n        A\u00f1adir a la lista de deseos<\/a>\n<img loading=\"lazy\" decoding=\"async\" src=\"https:\/\/ppediciones.cl\/wp-content\/plugins\/yith-woocommerce-wishlist\/assets\/images\/wpspin_light.gif\" class=\"ajax-loading\" alt=\"loading\" width=\"16\" height=\"16\" style=\"visibility:hidden\" \/>\n\t    <\/div>\n\n\t    <div class=\"yith-wcwl-wishlistaddedbrowse hide\" style=\"display:none;\">\n\t        <span class=\"feedback\">Producto a\u00f1adido!<\/span>\n\t        <a href=\"https:\/\/ppediciones.cl\/?product=poesia-para-marear-cuerdos-c-a-jaque&#038;wishlist-action\" rel=\"nofollow\">\n\t            Navegar por Lista de Deseos\t        <\/a>\n\t    <\/div>\n\n\t    <div class=\"yith-wcwl-wishlistexistsbrowse hide\" style=\"display:none\">\n\t        <span class=\"feedback\">El producto ya est\u00e1 en la lista de deseos!<\/span>\n\t        <a href=\"https:\/\/ppediciones.cl\/?product=poesia-para-marear-cuerdos-c-a-jaque&#038;wishlist-action\" rel=\"nofollow\">\n\t            Navegar por Lista de Deseos\t        <\/a>\n\t    <\/div>\n\n\t    <div style=\"clear:both\"><\/div>\n\t    <div class=\"yith-wcwl-wishlistaddresponse\"><\/div>\n\t\n<\/div>\n\n<div class=\"clear\"><\/div>\t\t\t<\/div>\n\t\t<\/div>\n\t\t\t\t\t\t\t\t\t\t<\/div>\n\t\t\t\t\t\t\t\t\t\t\t\t\t\t\t\t\t<div class=\"image-tools grid-tools text-center hide-for-small bottom hover-slide-in show-on-hover\">\n\t\t\t\t\t\t\t\t\t\t  <a class=\"quick-view\" data-prod=\"2920\" href=\"#quick-view\">Quick View<\/a>\t\t\t\t\t\t\t\t\t<\/div>\n\t\t\t\t\t\t\t\t\t\t\t\t\t\t\t\t\t\t\t\t\t\t\t<\/div>\n\n\t\t\t\t\t\t\t<div class=\"box-text text-center\" >\n\t\t\t\t\t\t\t\t<div class=\"title-wrapper\">\t\t<p class=\"category uppercase is-smaller no-text-overflow product-cat op-7\">\n\t\t\t2025\t\t<\/p>\n\t<p class=\"name product-title woocommerce-loop-product__title\"><a href=\"https:\/\/ppediciones.cl\/?product=poesia-para-marear-cuerdos-c-a-jaque\" class=\"woocommerce-LoopProduct-link woocommerce-loop-product__link\">Poes\u00eda para marear cuerdos | c.a.jaque<\/a><\/p><\/div><div class=\"price-wrapper\">\n\t<span class=\"price\"><span class=\"woocommerce-Price-amount amount\"><bdi><span class=\"woocommerce-Price-currencySymbol\">$<\/span>10,000<\/bdi><\/span><\/span>\n<\/div><div class=\"add-to-cart-button\"><a href=\"\/index.php?rest_route=%2Fwp%2Fv2%2Fpages%2F912&#038;add-to-cart=2920\" aria-describedby=\"woocommerce_loop_add_to_cart_link_describedby_2920\" data-quantity=\"1\" class=\"primary is-small mb-0 button product_type_simple add_to_cart_button ajax_add_to_cart is-gloss\" data-product_id=\"2920\" data-product_sku=\"\" aria-label=\"Agregar al carrito: &ldquo;Poes\u00eda para marear cuerdos | c.a.jaque&rdquo;\" rel=\"nofollow\" data-success_message=\"&ldquo;Poes\u00eda para marear cuerdos | c.a.jaque&rdquo; se ha a\u00f1adido a tu carro\" role=\"button\">Agregar al carrito<\/a><\/div>\t<span id=\"woocommerce_loop_add_to_cart_link_describedby_2920\" class=\"screen-reader-text\">\n\t\t\t<\/span>\n\t\t\t\t\t\t\t<\/div>\n\t\t\t\t\t\t<\/div>\n\t\t\t\t\t\t<\/div>\n\t\t\t\t\t<\/div><div class=\"col\" >\n\t\t\t\t\t\t<div class=\"col-inner\">\n\t\t\t\t\t\t\n<div class=\"badge-container absolute left top z-1\">\n<\/div>\n\t\t\t\t\t\t<div class=\"product-small box has-hover box-normal box-text-bottom\">\n\t\t\t\t\t\t\t<div class=\"box-image\" >\n\t\t\t\t\t\t\t\t<div class=\"image-cover\" style=\"padding-top:148%;\">\n\t\t\t\t\t\t\t\t\t<a href=\"https:\/\/ppediciones.cl\/?product=el-amor-catherine-fieldhouse\" aria-label=\"El amor | Catherine Fieldhouse\">\n\t\t\t\t\t\t\t\t\t\t<img loading=\"lazy\" decoding=\"async\" width=\"1621\" height=\"2500\" src=\"https:\/\/ppediciones.cl\/wp-content\/uploads\/2025\/04\/El-amor-01.jpg\" class=\"attachment-original size-original\" alt=\"El amor | Catherine Fieldhouse\" \/>\t\t\t\t\t\t\t\t\t<\/a>\n\t\t\t\t\t\t\t\t\t\t\t\t\t\t\t\t\t\t \t\t\t\t\t\t\t\t<\/div>\n\t\t\t\t\t\t\t\t<div class=\"image-tools top right show-on-hover\">\n\t\t\t\t\t\t\t\t\t\t\t<div class=\"wishlist-icon\">\n\t\t\t<button class=\"wishlist-button button is-outline circle icon\" aria-label=\"Wishlist\">\n\t\t\t\t<i class=\"icon-heart\" ><\/i>\t\t\t<\/button>\n\t\t\t<div class=\"wishlist-popup dark\">\n\t\t\t\t\n<div class=\"yith-wcwl-add-to-wishlist add-to-wishlist-2918\">\n\t\t    <div class=\"yith-wcwl-add-button show\" style=\"display:block\">\n\n\t        \n<a href=\"\/index.php?rest_route=%2Fwp%2Fv2%2Fpages%2F912&#038;add_to_wishlist=2918\" rel=\"nofollow\" data-product-id=\"2918\" data-product-type=\"simple\" class=\"add_to_wishlist\" >\n        A\u00f1adir a la lista de deseos<\/a>\n<img loading=\"lazy\" decoding=\"async\" src=\"https:\/\/ppediciones.cl\/wp-content\/plugins\/yith-woocommerce-wishlist\/assets\/images\/wpspin_light.gif\" class=\"ajax-loading\" alt=\"loading\" width=\"16\" height=\"16\" style=\"visibility:hidden\" \/>\n\t    <\/div>\n\n\t    <div class=\"yith-wcwl-wishlistaddedbrowse hide\" style=\"display:none;\">\n\t        <span class=\"feedback\">Producto a\u00f1adido!<\/span>\n\t        <a href=\"https:\/\/ppediciones.cl\/?product=el-amor-catherine-fieldhouse&#038;wishlist-action\" rel=\"nofollow\">\n\t            Navegar por Lista de Deseos\t        <\/a>\n\t    <\/div>\n\n\t    <div class=\"yith-wcwl-wishlistexistsbrowse hide\" style=\"display:none\">\n\t        <span class=\"feedback\">El producto ya est\u00e1 en la lista de deseos!<\/span>\n\t        <a href=\"https:\/\/ppediciones.cl\/?product=el-amor-catherine-fieldhouse&#038;wishlist-action\" rel=\"nofollow\">\n\t            Navegar por Lista de Deseos\t        <\/a>\n\t    <\/div>\n\n\t    <div style=\"clear:both\"><\/div>\n\t    <div class=\"yith-wcwl-wishlistaddresponse\"><\/div>\n\t\n<\/div>\n\n<div class=\"clear\"><\/div>\t\t\t<\/div>\n\t\t<\/div>\n\t\t\t\t\t\t\t\t\t\t<\/div>\n\t\t\t\t\t\t\t\t\t\t\t\t\t\t\t\t\t<div class=\"image-tools grid-tools text-center hide-for-small bottom hover-slide-in show-on-hover\">\n\t\t\t\t\t\t\t\t\t\t  <a class=\"quick-view\" data-prod=\"2918\" href=\"#quick-view\">Quick View<\/a>\t\t\t\t\t\t\t\t\t<\/div>\n\t\t\t\t\t\t\t\t\t\t\t\t\t\t\t\t\t\t\t\t\t\t\t<\/div>\n\n\t\t\t\t\t\t\t<div class=\"box-text text-center\" >\n\t\t\t\t\t\t\t\t<div class=\"title-wrapper\">\t\t<p class=\"category uppercase is-smaller no-text-overflow product-cat op-7\">\n\t\t\t2025\t\t<\/p>\n\t<p class=\"name product-title woocommerce-loop-product__title\"><a href=\"https:\/\/ppediciones.cl\/?product=el-amor-catherine-fieldhouse\" class=\"woocommerce-LoopProduct-link woocommerce-loop-product__link\">El amor | Catherine Fieldhouse<\/a><\/p><\/div><div class=\"price-wrapper\">\n\t<span class=\"price\"><span class=\"woocommerce-Price-amount amount\"><bdi><span class=\"woocommerce-Price-currencySymbol\">$<\/span>10,000<\/bdi><\/span><\/span>\n<\/div><div class=\"add-to-cart-button\"><a href=\"\/index.php?rest_route=%2Fwp%2Fv2%2Fpages%2F912&#038;add-to-cart=2918\" aria-describedby=\"woocommerce_loop_add_to_cart_link_describedby_2918\" data-quantity=\"1\" class=\"primary is-small mb-0 button product_type_simple add_to_cart_button ajax_add_to_cart is-gloss\" data-product_id=\"2918\" data-product_sku=\"\" aria-label=\"Agregar al carrito: &ldquo;El amor | Catherine Fieldhouse&rdquo;\" rel=\"nofollow\" data-success_message=\"&ldquo;El amor | Catherine Fieldhouse&rdquo; se ha a\u00f1adido a tu carro\" role=\"button\">Agregar al carrito<\/a><\/div>\t<span id=\"woocommerce_loop_add_to_cart_link_describedby_2918\" class=\"screen-reader-text\">\n\t\t\t<\/span>\n\t\t\t\t\t\t\t<\/div>\n\t\t\t\t\t\t<\/div>\n\t\t\t\t\t\t<\/div>\n\t\t\t\t\t<\/div><div class=\"col\" >\n\t\t\t\t\t\t<div class=\"col-inner\">\n\t\t\t\t\t\t\n<div class=\"badge-container absolute left top z-1\">\n<\/div>\n\t\t\t\t\t\t<div class=\"product-small box has-hover box-normal box-text-bottom\">\n\t\t\t\t\t\t\t<div class=\"box-image\" >\n\t\t\t\t\t\t\t\t<div class=\"image-cover\" style=\"padding-top:148%;\">\n\t\t\t\t\t\t\t\t\t<a href=\"https:\/\/ppediciones.cl\/?product=medicina-literaria-en-el-conflicto-social-carlos-matamala-daniel-peluffo-amparo-aurora-ramirez\" aria-label=\"Medicina literaria en el conflicto social | Carlos Matamala - Daniel Peluffo - Amparo Aurora Ram\u00edrez\">\n\t\t\t\t\t\t\t\t\t\t<img loading=\"lazy\" decoding=\"async\" width=\"1619\" height=\"2518\" src=\"https:\/\/ppediciones.cl\/wp-content\/uploads\/2020\/12\/Medicina-Literaria-2.jpg\" class=\"attachment-original size-original\" alt=\"Medicina literaria en el conflicto social | Carlos Matamala - Daniel Peluffo - Amparo Aurora Ram\u00edrez\" srcset=\"https:\/\/ppediciones.cl\/wp-content\/uploads\/2020\/12\/Medicina-Literaria-2.jpg 1619w, https:\/\/ppediciones.cl\/wp-content\/uploads\/2020\/12\/Medicina-Literaria-2-257x400.jpg 257w, https:\/\/ppediciones.cl\/wp-content\/uploads\/2020\/12\/Medicina-Literaria-2-514x800.jpg 514w, https:\/\/ppediciones.cl\/wp-content\/uploads\/2020\/12\/Medicina-Literaria-2-768x1194.jpg 768w, https:\/\/ppediciones.cl\/wp-content\/uploads\/2020\/12\/Medicina-Literaria-2-988x1536.jpg 988w, https:\/\/ppediciones.cl\/wp-content\/uploads\/2020\/12\/Medicina-Literaria-2-1317x2048.jpg 1317w, https:\/\/ppediciones.cl\/wp-content\/uploads\/2020\/12\/Medicina-Literaria-2-555x863.jpg 555w\" sizes=\"auto, (max-width: 1619px) 100vw, 1619px\" \/>\t\t\t\t\t\t\t\t\t<\/a>\n\t\t\t\t\t\t\t\t\t\t\t\t\t\t\t\t\t\t \t\t\t\t\t\t\t\t<\/div>\n\t\t\t\t\t\t\t\t<div class=\"image-tools top right show-on-hover\">\n\t\t\t\t\t\t\t\t\t\t\t<div class=\"wishlist-icon\">\n\t\t\t<button class=\"wishlist-button button is-outline circle icon\" aria-label=\"Wishlist\">\n\t\t\t\t<i class=\"icon-heart\" ><\/i>\t\t\t<\/button>\n\t\t\t<div class=\"wishlist-popup dark\">\n\t\t\t\t\n<div class=\"yith-wcwl-add-to-wishlist add-to-wishlist-1420\">\n\t\t    <div class=\"yith-wcwl-add-button show\" style=\"display:block\">\n\n\t        \n<a href=\"\/index.php?rest_route=%2Fwp%2Fv2%2Fpages%2F912&#038;add_to_wishlist=1420\" rel=\"nofollow\" data-product-id=\"1420\" data-product-type=\"simple\" class=\"add_to_wishlist\" >\n        A\u00f1adir a la lista de deseos<\/a>\n<img loading=\"lazy\" decoding=\"async\" src=\"https:\/\/ppediciones.cl\/wp-content\/plugins\/yith-woocommerce-wishlist\/assets\/images\/wpspin_light.gif\" class=\"ajax-loading\" alt=\"loading\" width=\"16\" height=\"16\" style=\"visibility:hidden\" \/>\n\t    <\/div>\n\n\t    <div class=\"yith-wcwl-wishlistaddedbrowse hide\" style=\"display:none;\">\n\t        <span class=\"feedback\">Producto a\u00f1adido!<\/span>\n\t        <a href=\"https:\/\/ppediciones.cl\/?product=medicina-literaria-en-el-conflicto-social-carlos-matamala-daniel-peluffo-amparo-aurora-ramirez&#038;wishlist-action\" rel=\"nofollow\">\n\t            Navegar por Lista de Deseos\t        <\/a>\n\t    <\/div>\n\n\t    <div class=\"yith-wcwl-wishlistexistsbrowse hide\" style=\"display:none\">\n\t        <span class=\"feedback\">El producto ya est\u00e1 en la lista de deseos!<\/span>\n\t        <a href=\"https:\/\/ppediciones.cl\/?product=medicina-literaria-en-el-conflicto-social-carlos-matamala-daniel-peluffo-amparo-aurora-ramirez&#038;wishlist-action\" rel=\"nofollow\">\n\t            Navegar por Lista de Deseos\t        <\/a>\n\t    <\/div>\n\n\t    <div style=\"clear:both\"><\/div>\n\t    <div class=\"yith-wcwl-wishlistaddresponse\"><\/div>\n\t\n<\/div>\n\n<div class=\"clear\"><\/div>\t\t\t<\/div>\n\t\t<\/div>\n\t\t\t\t\t\t\t\t\t\t<\/div>\n\t\t\t\t\t\t\t\t\t\t\t\t\t\t\t\t\t<div class=\"image-tools grid-tools text-center hide-for-small bottom hover-slide-in show-on-hover\">\n\t\t\t\t\t\t\t\t\t\t  <a class=\"quick-view\" data-prod=\"1420\" href=\"#quick-view\">Quick View<\/a>\t\t\t\t\t\t\t\t\t<\/div>\n\t\t\t\t\t\t\t\t\t\t\t\t\t\t\t\t<div class=\"out-of-stock-label\">Agotado<\/div>\t\t\t\t\t\t\t<\/div>\n\n\t\t\t\t\t\t\t<div class=\"box-text text-center\" >\n\t\t\t\t\t\t\t\t<div class=\"title-wrapper\">\t\t<p class=\"category uppercase is-smaller no-text-overflow product-cat op-7\">\n\t\t\tColecci\u00f3n Sue\u00f1os\t\t<\/p>\n\t<p class=\"name product-title woocommerce-loop-product__title\"><a href=\"https:\/\/ppediciones.cl\/?product=medicina-literaria-en-el-conflicto-social-carlos-matamala-daniel-peluffo-amparo-aurora-ramirez\" class=\"woocommerce-LoopProduct-link woocommerce-loop-product__link\">Medicina literaria en el conflicto social | Carlos Matamala &#8211; Daniel Peluffo &#8211; Amparo Aurora Ram\u00edrez<\/a><\/p><\/div><div class=\"price-wrapper\">\n\t<span class=\"price\"><span class=\"woocommerce-Price-amount amount\"><bdi><span class=\"woocommerce-Price-currencySymbol\">$<\/span>7,000<\/bdi><\/span><\/span>\n<\/div><div class=\"add-to-cart-button\"><a href=\"https:\/\/ppediciones.cl\/?product=medicina-literaria-en-el-conflicto-social-carlos-matamala-daniel-peluffo-amparo-aurora-ramirez\" aria-describedby=\"woocommerce_loop_add_to_cart_link_describedby_1420\" data-quantity=\"1\" class=\"primary is-small mb-0 button product_type_simple is-gloss\" data-product_id=\"1420\" data-product_sku=\"978-956-402-321-2\" aria-label=\"Lee m\u00e1s sobre &ldquo;Medicina literaria en el conflicto social | Carlos Matamala - Daniel Peluffo - Amparo Aurora Ram\u00edrez&rdquo;\" rel=\"nofollow\" data-success_message=\"\">Leer m\u00e1s<\/a><\/div>\t<span id=\"woocommerce_loop_add_to_cart_link_describedby_1420\" class=\"screen-reader-text\">\n\t\t\t<\/span>\n\t\t\t\t\t\t\t<\/div>\n\t\t\t\t\t\t<\/div>\n\t\t\t\t\t\t<\/div>\n\t\t\t\t\t<\/div><div class=\"col\" >\n\t\t\t\t\t\t<div class=\"col-inner\">\n\t\t\t\t\t\t\n<div class=\"badge-container absolute left top z-1\">\n<\/div>\n\t\t\t\t\t\t<div class=\"product-small box has-hover box-normal box-text-bottom\">\n\t\t\t\t\t\t\t<div class=\"box-image\" >\n\t\t\t\t\t\t\t\t<div class=\"image-cover\" style=\"padding-top:148%;\">\n\t\t\t\t\t\t\t\t\t<a href=\"https:\/\/ppediciones.cl\/?product=quiero-escribirme-copia\" aria-label=\"En tiempos de pandemia\">\n\t\t\t\t\t\t\t\t\t\t<img loading=\"lazy\" decoding=\"async\" width=\"1635\" height=\"2511\" src=\"https:\/\/ppediciones.cl\/wp-content\/uploads\/2020\/12\/Portada-Medicina-Literaria-1.jpg\" class=\"attachment-original size-original\" alt=\"En tiempos de pandemia\" srcset=\"https:\/\/ppediciones.cl\/wp-content\/uploads\/2020\/12\/Portada-Medicina-Literaria-1.jpg 1635w, https:\/\/ppediciones.cl\/wp-content\/uploads\/2020\/12\/Portada-Medicina-Literaria-1-260x400.jpg 260w, https:\/\/ppediciones.cl\/wp-content\/uploads\/2020\/12\/Portada-Medicina-Literaria-1-521x800.jpg 521w, https:\/\/ppediciones.cl\/wp-content\/uploads\/2020\/12\/Portada-Medicina-Literaria-1-768x1179.jpg 768w, https:\/\/ppediciones.cl\/wp-content\/uploads\/2020\/12\/Portada-Medicina-Literaria-1-1000x1536.jpg 1000w, https:\/\/ppediciones.cl\/wp-content\/uploads\/2020\/12\/Portada-Medicina-Literaria-1-1334x2048.jpg 1334w, https:\/\/ppediciones.cl\/wp-content\/uploads\/2020\/12\/Portada-Medicina-Literaria-1-555x852.jpg 555w\" sizes=\"auto, (max-width: 1635px) 100vw, 1635px\" \/>\t\t\t\t\t\t\t\t\t<\/a>\n\t\t\t\t\t\t\t\t\t\t\t\t\t\t\t\t\t\t \t\t\t\t\t\t\t\t<\/div>\n\t\t\t\t\t\t\t\t<div class=\"image-tools top right show-on-hover\">\n\t\t\t\t\t\t\t\t\t\t\t<div class=\"wishlist-icon\">\n\t\t\t<button class=\"wishlist-button button is-outline circle icon\" aria-label=\"Wishlist\">\n\t\t\t\t<i class=\"icon-heart\" ><\/i>\t\t\t<\/button>\n\t\t\t<div class=\"wishlist-popup dark\">\n\t\t\t\t\n<div class=\"yith-wcwl-add-to-wishlist add-to-wishlist-1411\">\n\t\t    <div class=\"yith-wcwl-add-button show\" style=\"display:block\">\n\n\t        \n<a href=\"\/index.php?rest_route=%2Fwp%2Fv2%2Fpages%2F912&#038;add_to_wishlist=1411\" rel=\"nofollow\" data-product-id=\"1411\" data-product-type=\"simple\" class=\"add_to_wishlist\" >\n        A\u00f1adir a la lista de deseos<\/a>\n<img loading=\"lazy\" decoding=\"async\" src=\"https:\/\/ppediciones.cl\/wp-content\/plugins\/yith-woocommerce-wishlist\/assets\/images\/wpspin_light.gif\" class=\"ajax-loading\" alt=\"loading\" width=\"16\" height=\"16\" style=\"visibility:hidden\" \/>\n\t    <\/div>\n\n\t    <div class=\"yith-wcwl-wishlistaddedbrowse hide\" style=\"display:none;\">\n\t        <span class=\"feedback\">Producto a\u00f1adido!<\/span>\n\t        <a href=\"https:\/\/ppediciones.cl\/?product=quiero-escribirme-copia&#038;wishlist-action\" rel=\"nofollow\">\n\t            Navegar por Lista de Deseos\t        <\/a>\n\t    <\/div>\n\n\t    <div class=\"yith-wcwl-wishlistexistsbrowse hide\" style=\"display:none\">\n\t        <span class=\"feedback\">El producto ya est\u00e1 en la lista de deseos!<\/span>\n\t        <a href=\"https:\/\/ppediciones.cl\/?product=quiero-escribirme-copia&#038;wishlist-action\" rel=\"nofollow\">\n\t            Navegar por Lista de Deseos\t        <\/a>\n\t    <\/div>\n\n\t    <div style=\"clear:both\"><\/div>\n\t    <div class=\"yith-wcwl-wishlistaddresponse\"><\/div>\n\t\n<\/div>\n\n<div class=\"clear\"><\/div>\t\t\t<\/div>\n\t\t<\/div>\n\t\t\t\t\t\t\t\t\t\t<\/div>\n\t\t\t\t\t\t\t\t\t\t\t\t\t\t\t\t\t<div class=\"image-tools grid-tools text-center hide-for-small bottom hover-slide-in show-on-hover\">\n\t\t\t\t\t\t\t\t\t\t  <a class=\"quick-view\" data-prod=\"1411\" href=\"#quick-view\">Quick View<\/a>\t\t\t\t\t\t\t\t\t<\/div>\n\t\t\t\t\t\t\t\t\t\t\t\t\t\t\t\t\t\t\t\t\t\t\t<\/div>\n\n\t\t\t\t\t\t\t<div class=\"box-text text-center\" >\n\t\t\t\t\t\t\t\t<div class=\"title-wrapper\">\t\t<p class=\"category uppercase is-smaller no-text-overflow product-cat op-7\">\n\t\t\tColecci\u00f3n Sue\u00f1os\t\t<\/p>\n\t<p class=\"name product-title woocommerce-loop-product__title\"><a href=\"https:\/\/ppediciones.cl\/?product=quiero-escribirme-copia\" class=\"woocommerce-LoopProduct-link woocommerce-loop-product__link\">En tiempos de pandemia<\/a><\/p><\/div><div class=\"price-wrapper\">\n\t<span class=\"price\"><span class=\"woocommerce-Price-amount amount\"><bdi><span class=\"woocommerce-Price-currencySymbol\">$<\/span>4,500<\/bdi><\/span><\/span>\n<\/div><div class=\"add-to-cart-button\"><a href=\"\/index.php?rest_route=%2Fwp%2Fv2%2Fpages%2F912&#038;add-to-cart=1411\" aria-describedby=\"woocommerce_loop_add_to_cart_link_describedby_1411\" data-quantity=\"1\" class=\"primary is-small mb-0 button product_type_simple add_to_cart_button ajax_add_to_cart is-gloss\" data-product_id=\"1411\" data-product_sku=\"\" aria-label=\"Agregar al carrito: &ldquo;En tiempos de pandemia&rdquo;\" rel=\"nofollow\" data-success_message=\"&ldquo;En tiempos de pandemia&rdquo; se ha a\u00f1adido a tu carro\" role=\"button\">Agregar al carrito<\/a><\/div>\t<span id=\"woocommerce_loop_add_to_cart_link_describedby_1411\" class=\"screen-reader-text\">\n\t\t\t<\/span>\n\t\t\t\t\t\t\t<\/div>\n\t\t\t\t\t\t<\/div>\n\t\t\t\t\t\t<\/div>\n\t\t\t\t\t<\/div><div class=\"col\" >\n\t\t\t\t\t\t<div class=\"col-inner\">\n\t\t\t\t\t\t\n<div class=\"badge-container absolute left top z-1\">\n<\/div>\n\t\t\t\t\t\t<div class=\"product-small box has-hover box-normal box-text-bottom\">\n\t\t\t\t\t\t\t<div class=\"box-image\" >\n\t\t\t\t\t\t\t\t<div class=\"image-cover\" style=\"padding-top:148%;\">\n\t\t\t\t\t\t\t\t\t<a href=\"https:\/\/ppediciones.cl\/?product=medicina-literaria-en-el-estallido-social\" aria-label=\"Medicina literaria en el conflicto social\">\n\t\t\t\t\t\t\t\t\t\t<img loading=\"lazy\" decoding=\"async\" width=\"1619\" height=\"2507\" src=\"https:\/\/ppediciones.cl\/wp-content\/uploads\/2020\/11\/Portada-Medicina-Literaria-2.jpg\" class=\"attachment-original size-original\" alt=\"Medicina literaria en el conflicto social\" srcset=\"https:\/\/ppediciones.cl\/wp-content\/uploads\/2020\/11\/Portada-Medicina-Literaria-2.jpg 1619w, https:\/\/ppediciones.cl\/wp-content\/uploads\/2020\/11\/Portada-Medicina-Literaria-2-258x400.jpg 258w, https:\/\/ppediciones.cl\/wp-content\/uploads\/2020\/11\/Portada-Medicina-Literaria-2-517x800.jpg 517w, https:\/\/ppediciones.cl\/wp-content\/uploads\/2020\/11\/Portada-Medicina-Literaria-2-768x1189.jpg 768w, https:\/\/ppediciones.cl\/wp-content\/uploads\/2020\/11\/Portada-Medicina-Literaria-2-992x1536.jpg 992w, https:\/\/ppediciones.cl\/wp-content\/uploads\/2020\/11\/Portada-Medicina-Literaria-2-1323x2048.jpg 1323w, https:\/\/ppediciones.cl\/wp-content\/uploads\/2020\/11\/Portada-Medicina-Literaria-2-555x859.jpg 555w\" sizes=\"auto, (max-width: 1619px) 100vw, 1619px\" \/>\t\t\t\t\t\t\t\t\t<\/a>\n\t\t\t\t\t\t\t\t\t\t\t\t\t\t\t\t\t\t \t\t\t\t\t\t\t\t<\/div>\n\t\t\t\t\t\t\t\t<div class=\"image-tools top right show-on-hover\">\n\t\t\t\t\t\t\t\t\t\t\t<div class=\"wishlist-icon\">\n\t\t\t<button class=\"wishlist-button button is-outline circle icon\" aria-label=\"Wishlist\">\n\t\t\t\t<i class=\"icon-heart\" ><\/i>\t\t\t<\/button>\n\t\t\t<div class=\"wishlist-popup dark\">\n\t\t\t\t\n<div class=\"yith-wcwl-add-to-wishlist add-to-wishlist-1396\">\n\t\t    <div class=\"yith-wcwl-add-button show\" style=\"display:block\">\n\n\t        \n<a href=\"\/index.php?rest_route=%2Fwp%2Fv2%2Fpages%2F912&#038;add_to_wishlist=1396\" rel=\"nofollow\" data-product-id=\"1396\" data-product-type=\"simple\" class=\"add_to_wishlist\" >\n        A\u00f1adir a la lista de deseos<\/a>\n<img loading=\"lazy\" decoding=\"async\" src=\"https:\/\/ppediciones.cl\/wp-content\/plugins\/yith-woocommerce-wishlist\/assets\/images\/wpspin_light.gif\" class=\"ajax-loading\" alt=\"loading\" width=\"16\" height=\"16\" style=\"visibility:hidden\" \/>\n\t    <\/div>\n\n\t    <div class=\"yith-wcwl-wishlistaddedbrowse hide\" style=\"display:none;\">\n\t        <span class=\"feedback\">Producto a\u00f1adido!<\/span>\n\t        <a href=\"https:\/\/ppediciones.cl\/?product=medicina-literaria-en-el-estallido-social&#038;wishlist-action\" rel=\"nofollow\">\n\t            Navegar por Lista de Deseos\t        <\/a>\n\t    <\/div>\n\n\t    <div class=\"yith-wcwl-wishlistexistsbrowse hide\" style=\"display:none\">\n\t        <span class=\"feedback\">El producto ya est\u00e1 en la lista de deseos!<\/span>\n\t        <a href=\"https:\/\/ppediciones.cl\/?product=medicina-literaria-en-el-estallido-social&#038;wishlist-action\" rel=\"nofollow\">\n\t            Navegar por Lista de Deseos\t        <\/a>\n\t    <\/div>\n\n\t    <div style=\"clear:both\"><\/div>\n\t    <div class=\"yith-wcwl-wishlistaddresponse\"><\/div>\n\t\n<\/div>\n\n<div class=\"clear\"><\/div>\t\t\t<\/div>\n\t\t<\/div>\n\t\t\t\t\t\t\t\t\t\t<\/div>\n\t\t\t\t\t\t\t\t\t\t\t\t\t\t\t\t\t<div class=\"image-tools grid-tools text-center hide-for-small bottom hover-slide-in show-on-hover\">\n\t\t\t\t\t\t\t\t\t\t  <a class=\"quick-view\" data-prod=\"1396\" href=\"#quick-view\">Quick View<\/a>\t\t\t\t\t\t\t\t\t<\/div>\n\t\t\t\t\t\t\t\t\t\t\t\t\t\t\t\t\t\t\t\t\t\t\t<\/div>\n\n\t\t\t\t\t\t\t<div class=\"box-text text-center\" >\n\t\t\t\t\t\t\t\t<div class=\"title-wrapper\">\t\t<p class=\"category uppercase is-smaller no-text-overflow product-cat op-7\">\n\t\t\tColecci\u00f3n Sue\u00f1os\t\t<\/p>\n\t<p class=\"name product-title woocommerce-loop-product__title\"><a href=\"https:\/\/ppediciones.cl\/?product=medicina-literaria-en-el-estallido-social\" class=\"woocommerce-LoopProduct-link woocommerce-loop-product__link\">Medicina literaria en el conflicto social<\/a><\/p><\/div><div class=\"price-wrapper\">\n\t<span class=\"price\"><span class=\"woocommerce-Price-amount amount\"><bdi><span class=\"woocommerce-Price-currencySymbol\">$<\/span>4,500<\/bdi><\/span><\/span>\n<\/div><div class=\"add-to-cart-button\"><a href=\"\/index.php?rest_route=%2Fwp%2Fv2%2Fpages%2F912&#038;add-to-cart=1396\" aria-describedby=\"woocommerce_loop_add_to_cart_link_describedby_1396\" data-quantity=\"1\" class=\"primary is-small mb-0 button product_type_simple add_to_cart_button ajax_add_to_cart is-gloss\" data-product_id=\"1396\" data-product_sku=\"\" aria-label=\"Agregar al carrito: &ldquo;Medicina literaria en el conflicto social&rdquo;\" rel=\"nofollow\" data-success_message=\"&ldquo;Medicina literaria en el conflicto social&rdquo; se ha a\u00f1adido a tu carro\" role=\"button\">Agregar al carrito<\/a><\/div>\t<span id=\"woocommerce_loop_add_to_cart_link_describedby_1396\" class=\"screen-reader-text\">\n\t\t\t<\/span>\n\t\t\t\t\t\t\t<\/div>\n\t\t\t\t\t\t<\/div>\n\t\t\t\t\t\t<\/div>\n\t\t\t\t\t<\/div><div class=\"col\" >\n\t\t\t\t\t\t<div class=\"col-inner\">\n\t\t\t\t\t\t\n<div class=\"badge-container absolute left top z-1\">\n<\/div>\n\t\t\t\t\t\t<div class=\"product-small box has-hover box-normal box-text-bottom\">\n\t\t\t\t\t\t\t<div class=\"box-image\" >\n\t\t\t\t\t\t\t\t<div class=\"image-cover\" style=\"padding-top:148%;\">\n\t\t\t\t\t\t\t\t\t<a href=\"https:\/\/ppediciones.cl\/?product=en-tiempos-de-pandemia-grupo-suenos\" aria-label=\"En tiempos de pandemia | Luis Weinstein - Daniel Peluffo - Karina Jim\u00e9nez - Valerio Gonz\u00e1lez\">\n\t\t\t\t\t\t\t\t\t\t<img loading=\"lazy\" decoding=\"async\" width=\"1635\" height=\"2511\" src=\"https:\/\/ppediciones.cl\/wp-content\/uploads\/2020\/06\/Portada-Medicina-Literaria-1.jpg\" class=\"attachment-original size-original\" alt=\"En tiempos de pandemia | Luis Weinstein - Daniel Peluffo - Karina Jim\u00e9nez - Valerio Gonz\u00e1lez\" srcset=\"https:\/\/ppediciones.cl\/wp-content\/uploads\/2020\/06\/Portada-Medicina-Literaria-1.jpg 1635w, https:\/\/ppediciones.cl\/wp-content\/uploads\/2020\/06\/Portada-Medicina-Literaria-1-260x400.jpg 260w, https:\/\/ppediciones.cl\/wp-content\/uploads\/2020\/06\/Portada-Medicina-Literaria-1-768x1179.jpg 768w, https:\/\/ppediciones.cl\/wp-content\/uploads\/2020\/06\/Portada-Medicina-Literaria-1-521x800.jpg 521w, https:\/\/ppediciones.cl\/wp-content\/uploads\/2020\/06\/Portada-Medicina-Literaria-1-555x852.jpg 555w\" sizes=\"auto, (max-width: 1635px) 100vw, 1635px\" \/>\t\t\t\t\t\t\t\t\t<\/a>\n\t\t\t\t\t\t\t\t\t\t\t\t\t\t\t\t\t\t \t\t\t\t\t\t\t\t<\/div>\n\t\t\t\t\t\t\t\t<div class=\"image-tools top right show-on-hover\">\n\t\t\t\t\t\t\t\t\t\t\t<div class=\"wishlist-icon\">\n\t\t\t<button class=\"wishlist-button button is-outline circle icon\" aria-label=\"Wishlist\">\n\t\t\t\t<i class=\"icon-heart\" ><\/i>\t\t\t<\/button>\n\t\t\t<div class=\"wishlist-popup dark\">\n\t\t\t\t\n<div class=\"yith-wcwl-add-to-wishlist add-to-wishlist-1207\">\n\t\t    <div class=\"yith-wcwl-add-button show\" style=\"display:block\">\n\n\t        \n<a href=\"\/index.php?rest_route=%2Fwp%2Fv2%2Fpages%2F912&#038;add_to_wishlist=1207\" rel=\"nofollow\" data-product-id=\"1207\" data-product-type=\"simple\" class=\"add_to_wishlist\" >\n        A\u00f1adir a la lista de deseos<\/a>\n<img loading=\"lazy\" decoding=\"async\" src=\"https:\/\/ppediciones.cl\/wp-content\/plugins\/yith-woocommerce-wishlist\/assets\/images\/wpspin_light.gif\" class=\"ajax-loading\" alt=\"loading\" width=\"16\" height=\"16\" style=\"visibility:hidden\" \/>\n\t    <\/div>\n\n\t    <div class=\"yith-wcwl-wishlistaddedbrowse hide\" style=\"display:none;\">\n\t        <span class=\"feedback\">Producto a\u00f1adido!<\/span>\n\t        <a href=\"https:\/\/ppediciones.cl\/?product=en-tiempos-de-pandemia-grupo-suenos&#038;wishlist-action\" rel=\"nofollow\">\n\t            Navegar por Lista de Deseos\t        <\/a>\n\t    <\/div>\n\n\t    <div class=\"yith-wcwl-wishlistexistsbrowse hide\" style=\"display:none\">\n\t        <span class=\"feedback\">El producto ya est\u00e1 en la lista de deseos!<\/span>\n\t        <a href=\"https:\/\/ppediciones.cl\/?product=en-tiempos-de-pandemia-grupo-suenos&#038;wishlist-action\" rel=\"nofollow\">\n\t            Navegar por Lista de Deseos\t        <\/a>\n\t    <\/div>\n\n\t    <div style=\"clear:both\"><\/div>\n\t    <div class=\"yith-wcwl-wishlistaddresponse\"><\/div>\n\t\n<\/div>\n\n<div class=\"clear\"><\/div>\t\t\t<\/div>\n\t\t<\/div>\n\t\t\t\t\t\t\t\t\t\t<\/div>\n\t\t\t\t\t\t\t\t\t\t\t\t\t\t\t\t\t<div class=\"image-tools grid-tools text-center hide-for-small bottom hover-slide-in show-on-hover\">\n\t\t\t\t\t\t\t\t\t\t  <a class=\"quick-view\" data-prod=\"1207\" href=\"#quick-view\">Quick View<\/a>\t\t\t\t\t\t\t\t\t<\/div>\n\t\t\t\t\t\t\t\t\t\t\t\t\t\t\t\t<div class=\"out-of-stock-label\">Agotado<\/div>\t\t\t\t\t\t\t<\/div>\n\n\t\t\t\t\t\t\t<div class=\"box-text text-center\" >\n\t\t\t\t\t\t\t\t<div class=\"title-wrapper\">\t\t<p class=\"category uppercase is-smaller no-text-overflow product-cat op-7\">\n\t\t\tColecci\u00f3n Sue\u00f1os\t\t<\/p>\n\t<p class=\"name product-title woocommerce-loop-product__title\"><a href=\"https:\/\/ppediciones.cl\/?product=en-tiempos-de-pandemia-grupo-suenos\" class=\"woocommerce-LoopProduct-link woocommerce-loop-product__link\">En tiempos de pandemia | Luis Weinstein &#8211; Daniel Peluffo &#8211; Karina Jim\u00e9nez &#8211; Valerio Gonz\u00e1lez<\/a><\/p><\/div><div class=\"price-wrapper\">\n\t<span class=\"price\"><span class=\"woocommerce-Price-amount amount\"><bdi><span class=\"woocommerce-Price-currencySymbol\">$<\/span>7,000<\/bdi><\/span><\/span>\n<\/div><div class=\"add-to-cart-button\"><a href=\"https:\/\/ppediciones.cl\/?product=en-tiempos-de-pandemia-grupo-suenos\" aria-describedby=\"woocommerce_loop_add_to_cart_link_describedby_1207\" data-quantity=\"1\" class=\"primary is-small mb-0 button product_type_simple is-gloss\" data-product_id=\"1207\" data-product_sku=\"\" aria-label=\"Lee m\u00e1s sobre &ldquo;En tiempos de pandemia | Luis Weinstein - Daniel Peluffo - Karina Jim\u00e9nez - Valerio Gonz\u00e1lez&rdquo;\" rel=\"nofollow\" data-success_message=\"\">Leer m\u00e1s<\/a><\/div>\t<span id=\"woocommerce_loop_add_to_cart_link_describedby_1207\" class=\"screen-reader-text\">\n\t\t\t<\/span>\n\t\t\t\t\t\t\t<\/div>\n\t\t\t\t\t\t<\/div>\n\t\t\t\t\t\t<\/div>\n\t\t\t\t\t<\/div><div class=\"col\" >\n\t\t\t\t\t\t<div class=\"col-inner\">\n\t\t\t\t\t\t\n<div class=\"badge-container absolute left top z-1\">\n<\/div>\n\t\t\t\t\t\t<div class=\"product-small box has-hover box-normal box-text-bottom\">\n\t\t\t\t\t\t\t<div class=\"box-image\" >\n\t\t\t\t\t\t\t\t<div class=\"image-cover\" style=\"padding-top:148%;\">\n\t\t\t\t\t\t\t\t\t<a href=\"https:\/\/ppediciones.cl\/?product=fuegos-ivo-sazunic\" aria-label=\"Fuegos | Ivo Sazunic - TOMO 7 Colecci\u00f3n Sue\u00f1os\">\n\t\t\t\t\t\t\t\t\t\t<img loading=\"lazy\" decoding=\"async\" width=\"4070\" height=\"6250\" src=\"https:\/\/ppediciones.cl\/wp-content\/uploads\/2020\/01\/Sin-titulo-14-\u00d7-21.5-cm-7.png\" class=\"attachment-original size-original\" alt=\"Fuegos | Ivo Sazunic - TOMO 7 Colecci\u00f3n Sue\u00f1os\" srcset=\"https:\/\/ppediciones.cl\/wp-content\/uploads\/2020\/01\/Sin-titulo-14-\u00d7-21.5-cm-7.png 4070w, https:\/\/ppediciones.cl\/wp-content\/uploads\/2020\/01\/Sin-titulo-14-\u00d7-21.5-cm-7-887x1362.png 887w, https:\/\/ppediciones.cl\/wp-content\/uploads\/2020\/01\/Sin-titulo-14-\u00d7-21.5-cm-7-555x852.png 555w, https:\/\/ppediciones.cl\/wp-content\/uploads\/2020\/01\/Sin-titulo-14-\u00d7-21.5-cm-7-260x400.png 260w, https:\/\/ppediciones.cl\/wp-content\/uploads\/2020\/01\/Sin-titulo-14-\u00d7-21.5-cm-7-521x800.png 521w, https:\/\/ppediciones.cl\/wp-content\/uploads\/2020\/01\/Sin-titulo-14-\u00d7-21.5-cm-7-768x1179.png 768w, https:\/\/ppediciones.cl\/wp-content\/uploads\/2020\/01\/Sin-titulo-14-\u00d7-21.5-cm-7-1000x1536.png 1000w, https:\/\/ppediciones.cl\/wp-content\/uploads\/2020\/01\/Sin-titulo-14-\u00d7-21.5-cm-7-1334x2048.png 1334w\" sizes=\"auto, (max-width: 4070px) 100vw, 4070px\" \/>\t\t\t\t\t\t\t\t\t<\/a>\n\t\t\t\t\t\t\t\t\t\t\t\t\t\t\t\t\t\t \t\t\t\t\t\t\t\t<\/div>\n\t\t\t\t\t\t\t\t<div class=\"image-tools top right show-on-hover\">\n\t\t\t\t\t\t\t\t\t\t\t<div class=\"wishlist-icon\">\n\t\t\t<button class=\"wishlist-button button is-outline circle icon\" aria-label=\"Wishlist\">\n\t\t\t\t<i class=\"icon-heart\" ><\/i>\t\t\t<\/button>\n\t\t\t<div class=\"wishlist-popup dark\">\n\t\t\t\t\n<div class=\"yith-wcwl-add-to-wishlist add-to-wishlist-1090\">\n\t\t    <div class=\"yith-wcwl-add-button show\" style=\"display:block\">\n\n\t        \n<a href=\"\/index.php?rest_route=%2Fwp%2Fv2%2Fpages%2F912&#038;add_to_wishlist=1090\" rel=\"nofollow\" data-product-id=\"1090\" data-product-type=\"simple\" class=\"add_to_wishlist\" >\n        A\u00f1adir a la lista de deseos<\/a>\n<img loading=\"lazy\" decoding=\"async\" src=\"https:\/\/ppediciones.cl\/wp-content\/plugins\/yith-woocommerce-wishlist\/assets\/images\/wpspin_light.gif\" class=\"ajax-loading\" alt=\"loading\" width=\"16\" height=\"16\" style=\"visibility:hidden\" \/>\n\t    <\/div>\n\n\t    <div class=\"yith-wcwl-wishlistaddedbrowse hide\" style=\"display:none;\">\n\t        <span class=\"feedback\">Producto a\u00f1adido!<\/span>\n\t        <a href=\"https:\/\/ppediciones.cl\/?product=fuegos-ivo-sazunic&#038;wishlist-action\" rel=\"nofollow\">\n\t            Navegar por Lista de Deseos\t        <\/a>\n\t    <\/div>\n\n\t    <div class=\"yith-wcwl-wishlistexistsbrowse hide\" style=\"display:none\">\n\t        <span class=\"feedback\">El producto ya est\u00e1 en la lista de deseos!<\/span>\n\t        <a href=\"https:\/\/ppediciones.cl\/?product=fuegos-ivo-sazunic&#038;wishlist-action\" rel=\"nofollow\">\n\t            Navegar por Lista de Deseos\t        <\/a>\n\t    <\/div>\n\n\t    <div style=\"clear:both\"><\/div>\n\t    <div class=\"yith-wcwl-wishlistaddresponse\"><\/div>\n\t\n<\/div>\n\n<div class=\"clear\"><\/div>\t\t\t<\/div>\n\t\t<\/div>\n\t\t\t\t\t\t\t\t\t\t<\/div>\n\t\t\t\t\t\t\t\t\t\t\t\t\t\t\t\t\t<div class=\"image-tools grid-tools text-center hide-for-small bottom hover-slide-in show-on-hover\">\n\t\t\t\t\t\t\t\t\t\t  <a class=\"quick-view\" data-prod=\"1090\" href=\"#quick-view\">Quick View<\/a>\t\t\t\t\t\t\t\t\t<\/div>\n\t\t\t\t\t\t\t\t\t\t\t\t\t\t\t\t\t\t\t\t\t\t\t<\/div>\n\n\t\t\t\t\t\t\t<div class=\"box-text text-center\" >\n\t\t\t\t\t\t\t\t<div class=\"title-wrapper\">\t\t<p class=\"category uppercase is-smaller no-text-overflow product-cat op-7\">\n\t\t\t2019\t\t<\/p>\n\t<p class=\"name product-title woocommerce-loop-product__title\"><a href=\"https:\/\/ppediciones.cl\/?product=fuegos-ivo-sazunic\" class=\"woocommerce-LoopProduct-link woocommerce-loop-product__link\">Fuegos | Ivo Sazunic &#8211; TOMO 7 Colecci\u00f3n Sue\u00f1os<\/a><\/p><\/div><div class=\"price-wrapper\">\n\t<span class=\"price\"><span class=\"woocommerce-Price-amount amount\"><bdi><span class=\"woocommerce-Price-currencySymbol\">$<\/span>15,000<\/bdi><\/span><\/span>\n<\/div><div class=\"add-to-cart-button\"><a href=\"\/index.php?rest_route=%2Fwp%2Fv2%2Fpages%2F912&#038;add-to-cart=1090\" aria-describedby=\"woocommerce_loop_add_to_cart_link_describedby_1090\" data-quantity=\"1\" class=\"primary is-small mb-0 button product_type_simple add_to_cart_button ajax_add_to_cart is-gloss\" data-product_id=\"1090\" data-product_sku=\"978-956-401-289-6\" aria-label=\"Agregar al carrito: &ldquo;Fuegos | Ivo Sazunic - TOMO 7 Colecci\u00f3n Sue\u00f1os&rdquo;\" rel=\"nofollow\" data-success_message=\"&ldquo;Fuegos | Ivo Sazunic - TOMO 7 Colecci\u00f3n Sue\u00f1os&rdquo; se ha a\u00f1adido a tu carro\" role=\"button\">Agregar al carrito<\/a><\/div>\t<span id=\"woocommerce_loop_add_to_cart_link_describedby_1090\" class=\"screen-reader-text\">\n\t\t\t<\/span>\n\t\t\t\t\t\t\t<\/div>\n\t\t\t\t\t\t<\/div>\n\t\t\t\t\t\t<\/div>\n\t\t\t\t\t<\/div><div class=\"col\" >\n\t\t\t\t\t\t<div class=\"col-inner\">\n\t\t\t\t\t\t\n<div class=\"badge-container absolute left top z-1\">\n<\/div>\n\t\t\t\t\t\t<div class=\"product-small box has-hover box-normal box-text-bottom\">\n\t\t\t\t\t\t\t<div class=\"box-image\" >\n\t\t\t\t\t\t\t\t<div class=\"image-cover\" style=\"padding-top:148%;\">\n\t\t\t\t\t\t\t\t\t<a href=\"https:\/\/ppediciones.cl\/?product=tomo-6-katia-velasquez-a-titulo-de-nada\" aria-label=\"A t\u00edtulo de nada | Katia Vel\u00e1squez  - TOMO 6 Colecci\u00f3n Sue\u00f1os\">\n\t\t\t\t\t\t\t\t\t\t<img loading=\"lazy\" decoding=\"async\" width=\"1543\" height=\"2560\" src=\"https:\/\/ppediciones.cl\/wp-content\/uploads\/2019\/04\/Portada-6-scaled.jpg\" class=\"attachment-original size-original\" alt=\"A t\u00edtulo de nada | Katia Vel\u00e1squez  - TOMO 6 Colecci\u00f3n Sue\u00f1os\" \/>\t\t\t\t\t\t\t\t\t<\/a>\n\t\t\t\t\t\t\t\t\t\t\t\t\t\t\t\t\t\t \t\t\t\t\t\t\t\t<\/div>\n\t\t\t\t\t\t\t\t<div class=\"image-tools top right show-on-hover\">\n\t\t\t\t\t\t\t\t\t\t\t<div class=\"wishlist-icon\">\n\t\t\t<button class=\"wishlist-button button is-outline circle icon\" aria-label=\"Wishlist\">\n\t\t\t\t<i class=\"icon-heart\" ><\/i>\t\t\t<\/button>\n\t\t\t<div class=\"wishlist-popup dark\">\n\t\t\t\t\n<div class=\"yith-wcwl-add-to-wishlist add-to-wishlist-710\">\n\t\t    <div class=\"yith-wcwl-add-button show\" style=\"display:block\">\n\n\t        \n<a href=\"\/index.php?rest_route=%2Fwp%2Fv2%2Fpages%2F912&#038;add_to_wishlist=710\" rel=\"nofollow\" data-product-id=\"710\" data-product-type=\"simple\" class=\"add_to_wishlist\" >\n        A\u00f1adir a la lista de deseos<\/a>\n<img loading=\"lazy\" decoding=\"async\" src=\"https:\/\/ppediciones.cl\/wp-content\/plugins\/yith-woocommerce-wishlist\/assets\/images\/wpspin_light.gif\" class=\"ajax-loading\" alt=\"loading\" width=\"16\" height=\"16\" style=\"visibility:hidden\" \/>\n\t    <\/div>\n\n\t    <div class=\"yith-wcwl-wishlistaddedbrowse hide\" style=\"display:none;\">\n\t        <span class=\"feedback\">Producto a\u00f1adido!<\/span>\n\t        <a href=\"https:\/\/ppediciones.cl\/?product=tomo-6-katia-velasquez-a-titulo-de-nada&#038;wishlist-action\" rel=\"nofollow\">\n\t            Navegar por Lista de Deseos\t        <\/a>\n\t    <\/div>\n\n\t    <div class=\"yith-wcwl-wishlistexistsbrowse hide\" style=\"display:none\">\n\t        <span class=\"feedback\">El producto ya est\u00e1 en la lista de deseos!<\/span>\n\t        <a href=\"https:\/\/ppediciones.cl\/?product=tomo-6-katia-velasquez-a-titulo-de-nada&#038;wishlist-action\" rel=\"nofollow\">\n\t            Navegar por Lista de Deseos\t        <\/a>\n\t    <\/div>\n\n\t    <div style=\"clear:both\"><\/div>\n\t    <div class=\"yith-wcwl-wishlistaddresponse\"><\/div>\n\t\n<\/div>\n\n<div class=\"clear\"><\/div>\t\t\t<\/div>\n\t\t<\/div>\n\t\t\t\t\t\t\t\t\t\t<\/div>\n\t\t\t\t\t\t\t\t\t\t\t\t\t\t\t\t\t<div class=\"image-tools grid-tools text-center hide-for-small bottom hover-slide-in show-on-hover\">\n\t\t\t\t\t\t\t\t\t\t  <a class=\"quick-view\" data-prod=\"710\" href=\"#quick-view\">Quick View<\/a>\t\t\t\t\t\t\t\t\t<\/div>\n\t\t\t\t\t\t\t\t\t\t\t\t\t\t\t\t\t\t\t\t\t\t\t<\/div>\n\n\t\t\t\t\t\t\t<div class=\"box-text text-center\" >\n\t\t\t\t\t\t\t\t<div class=\"title-wrapper\">\t\t<p class=\"category uppercase is-smaller no-text-overflow product-cat op-7\">\n\t\t\tColecci\u00f3n Sue\u00f1os\t\t<\/p>\n\t<p class=\"name product-title woocommerce-loop-product__title\"><a href=\"https:\/\/ppediciones.cl\/?product=tomo-6-katia-velasquez-a-titulo-de-nada\" class=\"woocommerce-LoopProduct-link woocommerce-loop-product__link\">A t\u00edtulo de nada | Katia Vel\u00e1squez  &#8211; TOMO 6 Colecci\u00f3n Sue\u00f1os<\/a><\/p><\/div><div class=\"price-wrapper\">\n<\/div><div class=\"add-to-cart-button\"><a href=\"https:\/\/ppediciones.cl\/?product=tomo-6-katia-velasquez-a-titulo-de-nada\" aria-describedby=\"woocommerce_loop_add_to_cart_link_describedby_710\" data-quantity=\"1\" class=\"primary is-small mb-0 button product_type_simple is-gloss\" data-product_id=\"710\" data-product_sku=\"978-956-398-423-1\" aria-label=\"Lee m\u00e1s sobre &ldquo;A t\u00edtulo de nada | Katia Vel\u00e1squez  - TOMO 6 Colecci\u00f3n Sue\u00f1os&rdquo;\" rel=\"nofollow\" data-success_message=\"\">Leer m\u00e1s<\/a><\/div>\t<span id=\"woocommerce_loop_add_to_cart_link_describedby_710\" class=\"screen-reader-text\">\n\t\t\t<\/span>\n\t\t\t\t\t\t\t<\/div>\n\t\t\t\t\t\t<\/div>\n\t\t\t\t\t\t<\/div>\n\t\t\t\t\t<\/div><div class=\"col\" >\n\t\t\t\t\t\t<div class=\"col-inner\">\n\t\t\t\t\t\t\n<div class=\"badge-container absolute left top z-1\">\n<\/div>\n\t\t\t\t\t\t<div class=\"product-small box has-hover box-normal box-text-bottom\">\n\t\t\t\t\t\t\t<div class=\"box-image\" >\n\t\t\t\t\t\t\t\t<div class=\"image-cover\" style=\"padding-top:148%;\">\n\t\t\t\t\t\t\t\t\t<a href=\"https:\/\/ppediciones.cl\/?product=tomo-5-punto-de-inflexion-karina-jimenez-salazar\" aria-label=\"Punto de Inflexi\u00f3n | Karina Jim\u00e9nez Salazar - TOMO 5 Colecci\u00f3n Sue\u00f1os\">\n\t\t\t\t\t\t\t\t\t\t<img loading=\"lazy\" decoding=\"async\" width=\"1565\" height=\"2640\" src=\"https:\/\/ppediciones.cl\/wp-content\/uploads\/2019\/02\/Portada-5-1.jpg\" class=\"attachment-original size-original\" alt=\"Punto de Inflexi\u00f3n | Karina Jim\u00e9nez Salazar - TOMO 5 Colecci\u00f3n Sue\u00f1os\" srcset=\"https:\/\/ppediciones.cl\/wp-content\/uploads\/2019\/02\/Portada-5-1.jpg 1565w, https:\/\/ppediciones.cl\/wp-content\/uploads\/2019\/02\/Portada-5-1-237x400.jpg 237w, https:\/\/ppediciones.cl\/wp-content\/uploads\/2019\/02\/Portada-5-1-768x1296.jpg 768w, https:\/\/ppediciones.cl\/wp-content\/uploads\/2019\/02\/Portada-5-1-474x800.jpg 474w, https:\/\/ppediciones.cl\/wp-content\/uploads\/2019\/02\/Portada-5-1-555x936.jpg 555w\" sizes=\"auto, (max-width: 1565px) 100vw, 1565px\" \/>\t\t\t\t\t\t\t\t\t<\/a>\n\t\t\t\t\t\t\t\t\t\t\t\t\t\t\t\t\t\t \t\t\t\t\t\t\t\t<\/div>\n\t\t\t\t\t\t\t\t<div class=\"image-tools top right show-on-hover\">\n\t\t\t\t\t\t\t\t\t\t\t<div class=\"wishlist-icon\">\n\t\t\t<button class=\"wishlist-button button is-outline circle icon\" aria-label=\"Wishlist\">\n\t\t\t\t<i class=\"icon-heart\" ><\/i>\t\t\t<\/button>\n\t\t\t<div class=\"wishlist-popup dark\">\n\t\t\t\t\n<div class=\"yith-wcwl-add-to-wishlist add-to-wishlist-554\">\n\t\t    <div class=\"yith-wcwl-add-button show\" style=\"display:block\">\n\n\t        \n<a href=\"\/index.php?rest_route=%2Fwp%2Fv2%2Fpages%2F912&#038;add_to_wishlist=554\" rel=\"nofollow\" data-product-id=\"554\" data-product-type=\"simple\" class=\"add_to_wishlist\" >\n        A\u00f1adir a la lista de deseos<\/a>\n<img loading=\"lazy\" decoding=\"async\" src=\"https:\/\/ppediciones.cl\/wp-content\/plugins\/yith-woocommerce-wishlist\/assets\/images\/wpspin_light.gif\" class=\"ajax-loading\" alt=\"loading\" width=\"16\" height=\"16\" style=\"visibility:hidden\" \/>\n\t    <\/div>\n\n\t    <div class=\"yith-wcwl-wishlistaddedbrowse hide\" style=\"display:none;\">\n\t        <span class=\"feedback\">Producto a\u00f1adido!<\/span>\n\t        <a href=\"https:\/\/ppediciones.cl\/?product=tomo-5-punto-de-inflexion-karina-jimenez-salazar&#038;wishlist-action\" rel=\"nofollow\">\n\t            Navegar por Lista de Deseos\t        <\/a>\n\t    <\/div>\n\n\t    <div class=\"yith-wcwl-wishlistexistsbrowse hide\" style=\"display:none\">\n\t        <span class=\"feedback\">El producto ya est\u00e1 en la lista de deseos!<\/span>\n\t        <a href=\"https:\/\/ppediciones.cl\/?product=tomo-5-punto-de-inflexion-karina-jimenez-salazar&#038;wishlist-action\" rel=\"nofollow\">\n\t            Navegar por Lista de Deseos\t        <\/a>\n\t    <\/div>\n\n\t    <div style=\"clear:both\"><\/div>\n\t    <div class=\"yith-wcwl-wishlistaddresponse\"><\/div>\n\t\n<\/div>\n\n<div class=\"clear\"><\/div>\t\t\t<\/div>\n\t\t<\/div>\n\t\t\t\t\t\t\t\t\t\t<\/div>\n\t\t\t\t\t\t\t\t\t\t\t\t\t\t\t\t\t<div class=\"image-tools grid-tools text-center hide-for-small bottom hover-slide-in show-on-hover\">\n\t\t\t\t\t\t\t\t\t\t  <a class=\"quick-view\" data-prod=\"554\" href=\"#quick-view\">Quick View<\/a>\t\t\t\t\t\t\t\t\t<\/div>\n\t\t\t\t\t\t\t\t\t\t\t\t\t\t\t\t\t\t\t\t\t\t\t<\/div>\n\n\t\t\t\t\t\t\t<div class=\"box-text text-center\" >\n\t\t\t\t\t\t\t\t<div class=\"title-wrapper\">\t\t<p class=\"category uppercase is-smaller no-text-overflow product-cat op-7\">\n\t\t\tColecci\u00f3n Sue\u00f1os\t\t<\/p>\n\t<p class=\"name product-title woocommerce-loop-product__title\"><a href=\"https:\/\/ppediciones.cl\/?product=tomo-5-punto-de-inflexion-karina-jimenez-salazar\" class=\"woocommerce-LoopProduct-link woocommerce-loop-product__link\">Punto de Inflexi\u00f3n | Karina Jim\u00e9nez Salazar &#8211; TOMO 5 Colecci\u00f3n Sue\u00f1os<\/a><\/p><\/div><div class=\"price-wrapper\">\n\t<span class=\"price\"><span class=\"woocommerce-Price-amount amount\"><bdi><span class=\"woocommerce-Price-currencySymbol\">$<\/span>8,000<\/bdi><\/span><\/span>\n<\/div><div class=\"add-to-cart-button\"><a href=\"\/index.php?rest_route=%2Fwp%2Fv2%2Fpages%2F912&#038;add-to-cart=554\" aria-describedby=\"woocommerce_loop_add_to_cart_link_describedby_554\" data-quantity=\"1\" class=\"primary is-small mb-0 button product_type_simple add_to_cart_button ajax_add_to_cart is-gloss\" data-product_id=\"554\" data-product_sku=\"\" aria-label=\"Agregar al carrito: &ldquo;Punto de Inflexi\u00f3n | Karina Jim\u00e9nez Salazar - TOMO 5 Colecci\u00f3n Sue\u00f1os&rdquo;\" rel=\"nofollow\" data-success_message=\"&ldquo;Punto de Inflexi\u00f3n | Karina Jim\u00e9nez Salazar - TOMO 5 Colecci\u00f3n Sue\u00f1os&rdquo; se ha a\u00f1adido a tu carro\" role=\"button\">Agregar al carrito<\/a><\/div>\t<span id=\"woocommerce_loop_add_to_cart_link_describedby_554\" class=\"screen-reader-text\">\n\t\t\t<\/span>\n\t\t\t\t\t\t\t<\/div>\n\t\t\t\t\t\t<\/div>\n\t\t\t\t\t\t<\/div>\n\t\t\t\t\t<\/div><div class=\"col\" >\n\t\t\t\t\t\t<div class=\"col-inner\">\n\t\t\t\t\t\t\n<div class=\"badge-container absolute left top z-1\">\n<\/div>\n\t\t\t\t\t\t<div class=\"product-small box has-hover box-normal box-text-bottom\">\n\t\t\t\t\t\t\t<div class=\"box-image\" >\n\t\t\t\t\t\t\t\t<div class=\"image-cover\" style=\"padding-top:148%;\">\n\t\t\t\t\t\t\t\t\t<a href=\"https:\/\/ppediciones.cl\/?product=tomo-4-como-la-vida-de-todos-marco-antonio-medina\" aria-label=\"Como la vida de todos | Marco Antonio Medina - TOMO 4 Colecci\u00f3n Sue\u00f1os\">\n\t\t\t\t\t\t\t\t\t\t<img loading=\"lazy\" decoding=\"async\" width=\"1560\" height=\"2587\" src=\"https:\/\/ppediciones.cl\/wp-content\/uploads\/2019\/02\/Portada-4-1.jpg\" class=\"attachment-original size-original\" alt=\"Como la vida de todos | Marco Antonio Medina - TOMO 4 Colecci\u00f3n Sue\u00f1os\" srcset=\"https:\/\/ppediciones.cl\/wp-content\/uploads\/2019\/02\/Portada-4-1.jpg 1560w, https:\/\/ppediciones.cl\/wp-content\/uploads\/2019\/02\/Portada-4-1-241x400.jpg 241w, https:\/\/ppediciones.cl\/wp-content\/uploads\/2019\/02\/Portada-4-1-768x1274.jpg 768w, https:\/\/ppediciones.cl\/wp-content\/uploads\/2019\/02\/Portada-4-1-482x800.jpg 482w, https:\/\/ppediciones.cl\/wp-content\/uploads\/2019\/02\/Portada-4-1-555x920.jpg 555w\" sizes=\"auto, (max-width: 1560px) 100vw, 1560px\" \/>\t\t\t\t\t\t\t\t\t<\/a>\n\t\t\t\t\t\t\t\t\t\t\t\t\t\t\t\t\t\t \t\t\t\t\t\t\t\t<\/div>\n\t\t\t\t\t\t\t\t<div class=\"image-tools top right show-on-hover\">\n\t\t\t\t\t\t\t\t\t\t\t<div class=\"wishlist-icon\">\n\t\t\t<button class=\"wishlist-button button is-outline circle icon\" aria-label=\"Wishlist\">\n\t\t\t\t<i class=\"icon-heart\" ><\/i>\t\t\t<\/button>\n\t\t\t<div class=\"wishlist-popup dark\">\n\t\t\t\t\n<div class=\"yith-wcwl-add-to-wishlist add-to-wishlist-552\">\n\t\t    <div class=\"yith-wcwl-add-button show\" style=\"display:block\">\n\n\t        \n<a href=\"\/index.php?rest_route=%2Fwp%2Fv2%2Fpages%2F912&#038;add_to_wishlist=552\" rel=\"nofollow\" data-product-id=\"552\" data-product-type=\"simple\" class=\"add_to_wishlist\" >\n        A\u00f1adir a la lista de deseos<\/a>\n<img loading=\"lazy\" decoding=\"async\" src=\"https:\/\/ppediciones.cl\/wp-content\/plugins\/yith-woocommerce-wishlist\/assets\/images\/wpspin_light.gif\" class=\"ajax-loading\" alt=\"loading\" width=\"16\" height=\"16\" style=\"visibility:hidden\" \/>\n\t    <\/div>\n\n\t    <div class=\"yith-wcwl-wishlistaddedbrowse hide\" style=\"display:none;\">\n\t        <span class=\"feedback\">Producto a\u00f1adido!<\/span>\n\t        <a href=\"https:\/\/ppediciones.cl\/?product=tomo-4-como-la-vida-de-todos-marco-antonio-medina&#038;wishlist-action\" rel=\"nofollow\">\n\t            Navegar por Lista de Deseos\t        <\/a>\n\t    <\/div>\n\n\t    <div class=\"yith-wcwl-wishlistexistsbrowse hide\" style=\"display:none\">\n\t        <span class=\"feedback\">El producto ya est\u00e1 en la lista de deseos!<\/span>\n\t        <a href=\"https:\/\/ppediciones.cl\/?product=tomo-4-como-la-vida-de-todos-marco-antonio-medina&#038;wishlist-action\" rel=\"nofollow\">\n\t            Navegar por Lista de Deseos\t        <\/a>\n\t    <\/div>\n\n\t    <div style=\"clear:both\"><\/div>\n\t    <div class=\"yith-wcwl-wishlistaddresponse\"><\/div>\n\t\n<\/div>\n\n<div class=\"clear\"><\/div>\t\t\t<\/div>\n\t\t<\/div>\n\t\t\t\t\t\t\t\t\t\t<\/div>\n\t\t\t\t\t\t\t\t\t\t\t\t\t\t\t\t\t<div class=\"image-tools grid-tools text-center hide-for-small bottom hover-slide-in show-on-hover\">\n\t\t\t\t\t\t\t\t\t\t  <a class=\"quick-view\" data-prod=\"552\" href=\"#quick-view\">Quick View<\/a>\t\t\t\t\t\t\t\t\t<\/div>\n\t\t\t\t\t\t\t\t\t\t\t\t\t\t\t\t\t\t\t\t\t\t\t<\/div>\n\n\t\t\t\t\t\t\t<div class=\"box-text text-center\" >\n\t\t\t\t\t\t\t\t<div class=\"title-wrapper\">\t\t<p class=\"category uppercase is-smaller no-text-overflow product-cat op-7\">\n\t\t\tColecci\u00f3n Sue\u00f1os\t\t<\/p>\n\t<p class=\"name product-title woocommerce-loop-product__title\"><a href=\"https:\/\/ppediciones.cl\/?product=tomo-4-como-la-vida-de-todos-marco-antonio-medina\" class=\"woocommerce-LoopProduct-link woocommerce-loop-product__link\">Como la vida de todos | Marco Antonio Medina &#8211; TOMO 4 Colecci\u00f3n Sue\u00f1os<\/a><\/p><\/div><div class=\"price-wrapper\">\n\t<span class=\"price\"><span class=\"woocommerce-Price-amount amount\"><bdi><span class=\"woocommerce-Price-currencySymbol\">$<\/span>8,000<\/bdi><\/span><\/span>\n<\/div><div class=\"add-to-cart-button\"><a href=\"\/index.php?rest_route=%2Fwp%2Fv2%2Fpages%2F912&#038;add-to-cart=552\" aria-describedby=\"woocommerce_loop_add_to_cart_link_describedby_552\" data-quantity=\"1\" class=\"primary is-small mb-0 button product_type_simple add_to_cart_button ajax_add_to_cart is-gloss\" data-product_id=\"552\" data-product_sku=\"\" aria-label=\"Agregar al carrito: &ldquo;Como la vida de todos | Marco Antonio Medina - TOMO 4 Colecci\u00f3n Sue\u00f1os&rdquo;\" rel=\"nofollow\" data-success_message=\"&ldquo;Como la vida de todos | Marco Antonio Medina - TOMO 4 Colecci\u00f3n Sue\u00f1os&rdquo; se ha a\u00f1adido a tu carro\" role=\"button\">Agregar al carrito<\/a><\/div>\t<span id=\"woocommerce_loop_add_to_cart_link_describedby_552\" class=\"screen-reader-text\">\n\t\t\t<\/span>\n\t\t\t\t\t\t\t<\/div>\n\t\t\t\t\t\t<\/div>\n\t\t\t\t\t\t<\/div>\n\t\t\t\t\t<\/div><div class=\"col\" >\n\t\t\t\t\t\t<div class=\"col-inner\">\n\t\t\t\t\t\t\n<div class=\"badge-container absolute left top z-1\">\n<\/div>\n\t\t\t\t\t\t<div class=\"product-small box has-hover box-normal box-text-bottom\">\n\t\t\t\t\t\t\t<div class=\"box-image\" >\n\t\t\t\t\t\t\t\t<div class=\"image-cover\" style=\"padding-top:148%;\">\n\t\t\t\t\t\t\t\t\t<a href=\"https:\/\/ppediciones.cl\/?product=tomo-3-el-diablo-impuber-victor-molina\" aria-label=\"El diablo imp\u00faber | Victor Molina - TOMO 3 Colecci\u00f3n Sue\u00f1os\">\n\t\t\t\t\t\t\t\t\t\t<img loading=\"lazy\" decoding=\"async\" width=\"1534\" height=\"2586\" src=\"https:\/\/ppediciones.cl\/wp-content\/uploads\/2019\/02\/Portada-3-1.jpg\" class=\"attachment-original size-original\" alt=\"El diablo imp\u00faber | Victor Molina - TOMO 3 Colecci\u00f3n Sue\u00f1os\" srcset=\"https:\/\/ppediciones.cl\/wp-content\/uploads\/2019\/02\/Portada-3-1.jpg 1534w, https:\/\/ppediciones.cl\/wp-content\/uploads\/2019\/02\/Portada-3-1-237x400.jpg 237w, https:\/\/ppediciones.cl\/wp-content\/uploads\/2019\/02\/Portada-3-1-768x1295.jpg 768w, https:\/\/ppediciones.cl\/wp-content\/uploads\/2019\/02\/Portada-3-1-475x800.jpg 475w, https:\/\/ppediciones.cl\/wp-content\/uploads\/2019\/02\/Portada-3-1-555x936.jpg 555w\" sizes=\"auto, (max-width: 1534px) 100vw, 1534px\" \/>\t\t\t\t\t\t\t\t\t<\/a>\n\t\t\t\t\t\t\t\t\t\t\t\t\t\t\t\t\t\t \t\t\t\t\t\t\t\t<\/div>\n\t\t\t\t\t\t\t\t<div class=\"image-tools top right show-on-hover\">\n\t\t\t\t\t\t\t\t\t\t\t<div class=\"wishlist-icon\">\n\t\t\t<button class=\"wishlist-button button is-outline circle icon\" aria-label=\"Wishlist\">\n\t\t\t\t<i class=\"icon-heart\" ><\/i>\t\t\t<\/button>\n\t\t\t<div class=\"wishlist-popup dark\">\n\t\t\t\t\n<div class=\"yith-wcwl-add-to-wishlist add-to-wishlist-550\">\n\t\t    <div class=\"yith-wcwl-add-button show\" style=\"display:block\">\n\n\t        \n<a href=\"\/index.php?rest_route=%2Fwp%2Fv2%2Fpages%2F912&#038;add_to_wishlist=550\" rel=\"nofollow\" data-product-id=\"550\" data-product-type=\"simple\" class=\"add_to_wishlist\" >\n        A\u00f1adir a la lista de deseos<\/a>\n<img loading=\"lazy\" decoding=\"async\" src=\"https:\/\/ppediciones.cl\/wp-content\/plugins\/yith-woocommerce-wishlist\/assets\/images\/wpspin_light.gif\" class=\"ajax-loading\" alt=\"loading\" width=\"16\" height=\"16\" style=\"visibility:hidden\" \/>\n\t    <\/div>\n\n\t    <div class=\"yith-wcwl-wishlistaddedbrowse hide\" style=\"display:none;\">\n\t        <span class=\"feedback\">Producto a\u00f1adido!<\/span>\n\t        <a href=\"https:\/\/ppediciones.cl\/?product=tomo-3-el-diablo-impuber-victor-molina&#038;wishlist-action\" rel=\"nofollow\">\n\t            Navegar por Lista de Deseos\t        <\/a>\n\t    <\/div>\n\n\t    <div class=\"yith-wcwl-wishlistexistsbrowse hide\" style=\"display:none\">\n\t        <span class=\"feedback\">El producto ya est\u00e1 en la lista de deseos!<\/span>\n\t        <a href=\"https:\/\/ppediciones.cl\/?product=tomo-3-el-diablo-impuber-victor-molina&#038;wishlist-action\" rel=\"nofollow\">\n\t            Navegar por Lista de Deseos\t        <\/a>\n\t    <\/div>\n\n\t    <div style=\"clear:both\"><\/div>\n\t    <div class=\"yith-wcwl-wishlistaddresponse\"><\/div>\n\t\n<\/div>\n\n<div class=\"clear\"><\/div>\t\t\t<\/div>\n\t\t<\/div>\n\t\t\t\t\t\t\t\t\t\t<\/div>\n\t\t\t\t\t\t\t\t\t\t\t\t\t\t\t\t\t<div class=\"image-tools grid-tools text-center hide-for-small bottom hover-slide-in show-on-hover\">\n\t\t\t\t\t\t\t\t\t\t  <a class=\"quick-view\" data-prod=\"550\" href=\"#quick-view\">Quick View<\/a>\t\t\t\t\t\t\t\t\t<\/div>\n\t\t\t\t\t\t\t\t\t\t\t\t\t\t\t\t\t\t\t\t\t\t\t<\/div>\n\n\t\t\t\t\t\t\t<div class=\"box-text text-center\" >\n\t\t\t\t\t\t\t\t<div class=\"title-wrapper\">\t\t<p class=\"category uppercase is-smaller no-text-overflow product-cat op-7\">\n\t\t\tColecci\u00f3n Sue\u00f1os\t\t<\/p>\n\t<p class=\"name product-title woocommerce-loop-product__title\"><a href=\"https:\/\/ppediciones.cl\/?product=tomo-3-el-diablo-impuber-victor-molina\" class=\"woocommerce-LoopProduct-link woocommerce-loop-product__link\">El diablo imp\u00faber | Victor Molina &#8211; TOMO 3 Colecci\u00f3n Sue\u00f1os<\/a><\/p><\/div><div class=\"price-wrapper\">\n\t<span class=\"price\"><span class=\"woocommerce-Price-amount amount\"><bdi><span class=\"woocommerce-Price-currencySymbol\">$<\/span>8,000<\/bdi><\/span><\/span>\n<\/div><div class=\"add-to-cart-button\"><a href=\"\/index.php?rest_route=%2Fwp%2Fv2%2Fpages%2F912&#038;add-to-cart=550\" aria-describedby=\"woocommerce_loop_add_to_cart_link_describedby_550\" data-quantity=\"1\" class=\"primary is-small mb-0 button product_type_simple add_to_cart_button ajax_add_to_cart is-gloss\" data-product_id=\"550\" data-product_sku=\"\" aria-label=\"Agregar al carrito: &ldquo;El diablo imp\u00faber | Victor Molina - TOMO 3 Colecci\u00f3n Sue\u00f1os&rdquo;\" rel=\"nofollow\" data-success_message=\"&ldquo;El diablo imp\u00faber | Victor Molina - TOMO 3 Colecci\u00f3n Sue\u00f1os&rdquo; se ha a\u00f1adido a tu carro\" role=\"button\">Agregar al carrito<\/a><\/div>\t<span id=\"woocommerce_loop_add_to_cart_link_describedby_550\" class=\"screen-reader-text\">\n\t\t\t<\/span>\n\t\t\t\t\t\t\t<\/div>\n\t\t\t\t\t\t<\/div>\n\t\t\t\t\t\t<\/div>\n\t\t\t\t\t<\/div><div class=\"col\" >\n\t\t\t\t\t\t<div class=\"col-inner\">\n\t\t\t\t\t\t\n<div class=\"badge-container absolute left top z-1\">\n<\/div>\n\t\t\t\t\t\t<div class=\"product-small box has-hover box-normal box-text-bottom\">\n\t\t\t\t\t\t\t<div class=\"box-image\" >\n\t\t\t\t\t\t\t\t<div class=\"image-cover\" style=\"padding-top:148%;\">\n\t\t\t\t\t\t\t\t\t<a href=\"https:\/\/ppediciones.cl\/?product=tomo-2-hidrargyrum-esteban-daniel-peluffo-argon\" aria-label=\"Hidrargyrum | Esteban Daniel Peluffo Arg\u00f3n- TOMO 2 Colecci\u00f3n Sue\u00f1os\">\n\t\t\t\t\t\t\t\t\t\t<img loading=\"lazy\" decoding=\"async\" width=\"1585\" height=\"2553\" src=\"https:\/\/ppediciones.cl\/wp-content\/uploads\/2019\/02\/Portada-2-1.jpg\" class=\"attachment-original size-original\" alt=\"Hidrargyrum | Esteban Daniel Peluffo Arg\u00f3n- TOMO 2 Colecci\u00f3n Sue\u00f1os\" srcset=\"https:\/\/ppediciones.cl\/wp-content\/uploads\/2019\/02\/Portada-2-1.jpg 1585w, https:\/\/ppediciones.cl\/wp-content\/uploads\/2019\/02\/Portada-2-1-248x400.jpg 248w, https:\/\/ppediciones.cl\/wp-content\/uploads\/2019\/02\/Portada-2-1-768x1237.jpg 768w, https:\/\/ppediciones.cl\/wp-content\/uploads\/2019\/02\/Portada-2-1-497x800.jpg 497w, https:\/\/ppediciones.cl\/wp-content\/uploads\/2019\/02\/Portada-2-1-555x894.jpg 555w\" sizes=\"auto, (max-width: 1585px) 100vw, 1585px\" \/>\t\t\t\t\t\t\t\t\t<\/a>\n\t\t\t\t\t\t\t\t\t\t\t\t\t\t\t\t\t\t \t\t\t\t\t\t\t\t<\/div>\n\t\t\t\t\t\t\t\t<div class=\"image-tools top right show-on-hover\">\n\t\t\t\t\t\t\t\t\t\t\t<div class=\"wishlist-icon\">\n\t\t\t<button class=\"wishlist-button button is-outline circle icon\" aria-label=\"Wishlist\">\n\t\t\t\t<i class=\"icon-heart\" ><\/i>\t\t\t<\/button>\n\t\t\t<div class=\"wishlist-popup dark\">\n\t\t\t\t\n<div class=\"yith-wcwl-add-to-wishlist add-to-wishlist-548\">\n\t\t    <div class=\"yith-wcwl-add-button show\" style=\"display:block\">\n\n\t        \n<a href=\"\/index.php?rest_route=%2Fwp%2Fv2%2Fpages%2F912&#038;add_to_wishlist=548\" rel=\"nofollow\" data-product-id=\"548\" data-product-type=\"simple\" class=\"add_to_wishlist\" >\n        A\u00f1adir a la lista de deseos<\/a>\n<img loading=\"lazy\" decoding=\"async\" src=\"https:\/\/ppediciones.cl\/wp-content\/plugins\/yith-woocommerce-wishlist\/assets\/images\/wpspin_light.gif\" class=\"ajax-loading\" alt=\"loading\" width=\"16\" height=\"16\" style=\"visibility:hidden\" \/>\n\t    <\/div>\n\n\t    <div class=\"yith-wcwl-wishlistaddedbrowse hide\" style=\"display:none;\">\n\t        <span class=\"feedback\">Producto a\u00f1adido!<\/span>\n\t        <a href=\"https:\/\/ppediciones.cl\/?product=tomo-2-hidrargyrum-esteban-daniel-peluffo-argon&#038;wishlist-action\" rel=\"nofollow\">\n\t            Navegar por Lista de Deseos\t        <\/a>\n\t    <\/div>\n\n\t    <div class=\"yith-wcwl-wishlistexistsbrowse hide\" style=\"display:none\">\n\t        <span class=\"feedback\">El producto ya est\u00e1 en la lista de deseos!<\/span>\n\t        <a href=\"https:\/\/ppediciones.cl\/?product=tomo-2-hidrargyrum-esteban-daniel-peluffo-argon&#038;wishlist-action\" rel=\"nofollow\">\n\t            Navegar por Lista de Deseos\t        <\/a>\n\t    <\/div>\n\n\t    <div style=\"clear:both\"><\/div>\n\t    <div class=\"yith-wcwl-wishlistaddresponse\"><\/div>\n\t\n<\/div>\n\n<div class=\"clear\"><\/div>\t\t\t<\/div>\n\t\t<\/div>\n\t\t\t\t\t\t\t\t\t\t<\/div>\n\t\t\t\t\t\t\t\t\t\t\t\t\t\t\t\t\t<div class=\"image-tools grid-tools text-center hide-for-small bottom hover-slide-in show-on-hover\">\n\t\t\t\t\t\t\t\t\t\t  <a class=\"quick-view\" data-prod=\"548\" href=\"#quick-view\">Quick View<\/a>\t\t\t\t\t\t\t\t\t<\/div>\n\t\t\t\t\t\t\t\t\t\t\t\t\t\t\t\t\t\t\t\t\t\t\t<\/div>\n\n\t\t\t\t\t\t\t<div class=\"box-text text-center\" >\n\t\t\t\t\t\t\t\t<div class=\"title-wrapper\">\t\t<p class=\"category uppercase is-smaller no-text-overflow product-cat op-7\">\n\t\t\tColecci\u00f3n Sue\u00f1os\t\t<\/p>\n\t<p class=\"name product-title woocommerce-loop-product__title\"><a href=\"https:\/\/ppediciones.cl\/?product=tomo-2-hidrargyrum-esteban-daniel-peluffo-argon\" class=\"woocommerce-LoopProduct-link woocommerce-loop-product__link\">Hidrargyrum | Esteban Daniel Peluffo Arg\u00f3n- TOMO 2 Colecci\u00f3n Sue\u00f1os<\/a><\/p><\/div><div class=\"price-wrapper\">\n\t<span class=\"price\"><span class=\"woocommerce-Price-amount amount\"><bdi><span class=\"woocommerce-Price-currencySymbol\">$<\/span>8,000<\/bdi><\/span><\/span>\n<\/div><div class=\"add-to-cart-button\"><a href=\"\/index.php?rest_route=%2Fwp%2Fv2%2Fpages%2F912&#038;add-to-cart=548\" aria-describedby=\"woocommerce_loop_add_to_cart_link_describedby_548\" data-quantity=\"1\" class=\"primary is-small mb-0 button product_type_simple add_to_cart_button ajax_add_to_cart is-gloss\" data-product_id=\"548\" data-product_sku=\"\" aria-label=\"Agregar al carrito: &ldquo;Hidrargyrum | Esteban Daniel Peluffo Arg\u00f3n- TOMO 2 Colecci\u00f3n Sue\u00f1os&rdquo;\" rel=\"nofollow\" data-success_message=\"&ldquo;Hidrargyrum | Esteban Daniel Peluffo Arg\u00f3n- TOMO 2 Colecci\u00f3n Sue\u00f1os&rdquo; se ha a\u00f1adido a tu carro\" role=\"button\">Agregar al carrito<\/a><\/div>\t<span id=\"woocommerce_loop_add_to_cart_link_describedby_548\" class=\"screen-reader-text\">\n\t\t\t<\/span>\n\t\t\t\t\t\t\t<\/div>\n\t\t\t\t\t\t<\/div>\n\t\t\t\t\t\t<\/div>\n\t\t\t\t\t<\/div><div class=\"col\" >\n\t\t\t\t\t\t<div class=\"col-inner\">\n\t\t\t\t\t\t\n<div class=\"badge-container absolute left top z-1\">\n<\/div>\n\t\t\t\t\t\t<div class=\"product-small box has-hover box-normal box-text-bottom\">\n\t\t\t\t\t\t\t<div class=\"box-image\" >\n\t\t\t\t\t\t\t\t<div class=\"image-cover\" style=\"padding-top:148%;\">\n\t\t\t\t\t\t\t\t\t<a href=\"https:\/\/ppediciones.cl\/?product=tomo-43-tigresas-ardientes-paloma-valenzuela-berrios-copia\" aria-label=\"Imaginer\u00edas Personales | Carlos Matamala - TOMO 1 Colecci\u00f3n Sue\u00f1os\">\n\t\t\t\t\t\t\t\t\t\t<img loading=\"lazy\" decoding=\"async\" width=\"1555\" height=\"2663\" src=\"https:\/\/ppediciones.cl\/wp-content\/uploads\/2019\/02\/Portada-1-1.jpg\" class=\"attachment-original size-original\" alt=\"Imaginer\u00edas Personales | Carlos Matamala - TOMO 1 Colecci\u00f3n Sue\u00f1os\" srcset=\"https:\/\/ppediciones.cl\/wp-content\/uploads\/2019\/02\/Portada-1-1.jpg 1555w, https:\/\/ppediciones.cl\/wp-content\/uploads\/2019\/02\/Portada-1-1-234x400.jpg 234w, https:\/\/ppediciones.cl\/wp-content\/uploads\/2019\/02\/Portada-1-1-768x1315.jpg 768w, https:\/\/ppediciones.cl\/wp-content\/uploads\/2019\/02\/Portada-1-1-467x800.jpg 467w, https:\/\/ppediciones.cl\/wp-content\/uploads\/2019\/02\/Portada-1-1-555x950.jpg 555w\" sizes=\"auto, (max-width: 1555px) 100vw, 1555px\" \/>\t\t\t\t\t\t\t\t\t<\/a>\n\t\t\t\t\t\t\t\t\t\t\t\t\t\t\t\t\t\t \t\t\t\t\t\t\t\t<\/div>\n\t\t\t\t\t\t\t\t<div class=\"image-tools top right show-on-hover\">\n\t\t\t\t\t\t\t\t\t\t\t<div class=\"wishlist-icon\">\n\t\t\t<button class=\"wishlist-button button is-outline circle icon\" aria-label=\"Wishlist\">\n\t\t\t\t<i class=\"icon-heart\" ><\/i>\t\t\t<\/button>\n\t\t\t<div class=\"wishlist-popup dark\">\n\t\t\t\t\n<div class=\"yith-wcwl-add-to-wishlist add-to-wishlist-545\">\n\t\t    <div class=\"yith-wcwl-add-button show\" style=\"display:block\">\n\n\t        \n<a href=\"\/index.php?rest_route=%2Fwp%2Fv2%2Fpages%2F912&#038;add_to_wishlist=545\" rel=\"nofollow\" data-product-id=\"545\" data-product-type=\"simple\" class=\"add_to_wishlist\" >\n        A\u00f1adir a la lista de deseos<\/a>\n<img loading=\"lazy\" decoding=\"async\" src=\"https:\/\/ppediciones.cl\/wp-content\/plugins\/yith-woocommerce-wishlist\/assets\/images\/wpspin_light.gif\" class=\"ajax-loading\" alt=\"loading\" width=\"16\" height=\"16\" style=\"visibility:hidden\" \/>\n\t    <\/div>\n\n\t    <div class=\"yith-wcwl-wishlistaddedbrowse hide\" style=\"display:none;\">\n\t        <span class=\"feedback\">Producto a\u00f1adido!<\/span>\n\t        <a href=\"https:\/\/ppediciones.cl\/?product=tomo-43-tigresas-ardientes-paloma-valenzuela-berrios-copia&#038;wishlist-action\" rel=\"nofollow\">\n\t            Navegar por Lista de Deseos\t        <\/a>\n\t    <\/div>\n\n\t    <div class=\"yith-wcwl-wishlistexistsbrowse hide\" style=\"display:none\">\n\t        <span class=\"feedback\">El producto ya est\u00e1 en la lista de deseos!<\/span>\n\t        <a href=\"https:\/\/ppediciones.cl\/?product=tomo-43-tigresas-ardientes-paloma-valenzuela-berrios-copia&#038;wishlist-action\" rel=\"nofollow\">\n\t            Navegar por Lista de Deseos\t        <\/a>\n\t    <\/div>\n\n\t    <div style=\"clear:both\"><\/div>\n\t    <div class=\"yith-wcwl-wishlistaddresponse\"><\/div>\n\t\n<\/div>\n\n<div class=\"clear\"><\/div>\t\t\t<\/div>\n\t\t<\/div>\n\t\t\t\t\t\t\t\t\t\t<\/div>\n\t\t\t\t\t\t\t\t\t\t\t\t\t\t\t\t\t<div class=\"image-tools grid-tools text-center hide-for-small bottom hover-slide-in show-on-hover\">\n\t\t\t\t\t\t\t\t\t\t  <a class=\"quick-view\" data-prod=\"545\" href=\"#quick-view\">Quick View<\/a>\t\t\t\t\t\t\t\t\t<\/div>\n\t\t\t\t\t\t\t\t\t\t\t\t\t\t\t\t\t\t\t\t\t\t\t<\/div>\n\n\t\t\t\t\t\t\t<div class=\"box-text text-center\" >\n\t\t\t\t\t\t\t\t<div class=\"title-wrapper\">\t\t<p class=\"category uppercase is-smaller no-text-overflow product-cat op-7\">\n\t\t\tColecci\u00f3n Sue\u00f1os\t\t<\/p>\n\t<p class=\"name product-title woocommerce-loop-product__title\"><a href=\"https:\/\/ppediciones.cl\/?product=tomo-43-tigresas-ardientes-paloma-valenzuela-berrios-copia\" class=\"woocommerce-LoopProduct-link woocommerce-loop-product__link\">Imaginer\u00edas Personales | Carlos Matamala &#8211; TOMO 1 Colecci\u00f3n Sue\u00f1os<\/a><\/p><\/div><div class=\"price-wrapper\">\n\t<span class=\"price\"><span class=\"woocommerce-Price-amount amount\"><bdi><span class=\"woocommerce-Price-currencySymbol\">$<\/span>8,000<\/bdi><\/span><\/span>\n<\/div><div class=\"add-to-cart-button\"><a href=\"\/index.php?rest_route=%2Fwp%2Fv2%2Fpages%2F912&#038;add-to-cart=545\" aria-describedby=\"woocommerce_loop_add_to_cart_link_describedby_545\" data-quantity=\"1\" class=\"primary is-small mb-0 button product_type_simple add_to_cart_button ajax_add_to_cart is-gloss\" data-product_id=\"545\" data-product_sku=\"\" aria-label=\"Agregar al carrito: &ldquo;Imaginer\u00edas Personales | Carlos Matamala - TOMO 1 Colecci\u00f3n Sue\u00f1os&rdquo;\" rel=\"nofollow\" data-success_message=\"&ldquo;Imaginer\u00edas Personales | Carlos Matamala - TOMO 1 Colecci\u00f3n Sue\u00f1os&rdquo; se ha a\u00f1adido a tu carro\" role=\"button\">Agregar al carrito<\/a><\/div>\t<span id=\"woocommerce_loop_add_to_cart_link_describedby_545\" class=\"screen-reader-text\">\n\t\t\t<\/span>\n\t\t\t\t\t\t\t<\/div>\n\t\t\t\t\t\t<\/div>\n\t\t\t\t\t\t<\/div>\n\t\t\t\t\t<\/div><\/div>\n\n\n","protected":false},"excerpt":{"rendered":"","protected":false},"author":1,"featured_media":0,"parent":0,"menu_order":0,"comment_status":"closed","ping_status":"closed","template":"page-blank.php","meta":{"footnotes":""},"class_list":["post-912","page","type-page","status-publish","hentry"],"_links":{"self":[{"href":"https:\/\/ppediciones.cl\/index.php?rest_route=\/wp\/v2\/pages\/912","targetHints":{"allow":["GET"]}}],"collection":[{"href":"https:\/\/ppediciones.cl\/index.php?rest_route=\/wp\/v2\/pages"}],"about":[{"href":"https:\/\/ppediciones.cl\/index.php?rest_route=\/wp\/v2\/types\/page"}],"author":[{"embeddable":true,"href":"https:\/\/ppediciones.cl\/index.php?rest_route=\/wp\/v2\/users\/1"}],"replies":[{"embeddable":true,"href":"https:\/\/ppediciones.cl\/index.php?rest_route=%2Fwp%2Fv2%2Fcomments&post=912"}],"version-history":[{"count":6,"href":"https:\/\/ppediciones.cl\/index.php?rest_route=\/wp\/v2\/pages\/912\/revisions"}],"predecessor-version":[{"id":2108,"href":"https:\/\/ppediciones.cl\/index.php?rest_route=\/wp\/v2\/pages\/912\/revisions\/2108"}],"wp:attachment":[{"href":"https:\/\/ppediciones.cl\/index.php?rest_route=%2Fwp%2Fv2%2Fmedia&parent=912"}],"curies":[{"name":"wp","href":"https:\/\/api.w.org\/{rel}","templated":true}]}}