{"id":2494,"date":"2023-08-16T00:17:32","date_gmt":"2023-08-16T00:17:32","guid":{"rendered":"https:\/\/ppediciones.cl\/?post_type=product&#038;p=2494"},"modified":"2023-08-16T00:19:39","modified_gmt":"2023-08-16T00:19:39","slug":"xxiii-encuentro-nacional-de-escritores-medicos-grupo-suenos","status":"publish","type":"product","link":"https:\/\/ppediciones.cl\/?product=xxiii-encuentro-nacional-de-escritores-medicos-grupo-suenos","title":{"rendered":"XXIII ENCUENTRO NACIONAL DE ESCRITORES M\u00c9DICOS | Grupo Sue\u00f1os"},"content":{"rendered":"<p>La poes\u00eda es una enfermedad incurable y contagiosa. El \u00fanico tratamiento recomendado es ser un enfermo m\u00e1s.<\/p>\n<p>Los escritores m\u00e9dicos volvimos a juntarnos este a\u00f1o en un m\u00e1gico congreso presencial de cuatro d\u00edas, esta vez en la hermosa ciudad de Temuco.\u00a0 Durante la pandemia estuvimos obligados a realizar solo encuentros online, pero ahora, el deseo de mirarnos a los ojos, de abrazarnos, de compartir an\u00e9cdotas, una cena, un buen vino y de leer frente a los otros im\u00e1genes, met\u00e1foras y creativos cuentos, ha posibilitado esta reuni\u00f3n con la participaci\u00f3n de m\u00e9dicos y otros profesionales de la salud de Chile y de los pa\u00edses hermanos de Uruguay, Guatemala, Colombia y Argentina.<\/p>\n<p>No ha sido f\u00e1cil, la misma pandemia y la situaci\u00f3n internacional transformaban esta en una empresa dif\u00edcil, pero la necesidad vital de literatura para este grupo de so\u00f1adores, m\u00e1s el apoyo invaluable de instituciones de nuestra ciudad, la ha hecho posible.<\/p>\n<p>Este libro recoge las creaciones en prosa y poes\u00eda enviadas a este Congreso, con una gran variedad de tem\u00e1ticas, obras que tratan del futuro, muchas de la actualidad (incluida la pandemia), de la antig\u00fcedad y por supuesto, del amor.<\/p>\n<p>\u00a1Larga vida a los m\u00e9dicos escritores!<\/p>\n<p>&nbsp;<\/p>\n","protected":false},"excerpt":{"rendered":"<p>Fecha publicaci\u00f3n: octubre 2022<\/p>\n<p>ISBN: 978-956-414-047-6<\/p>\n<p>P\u00e1ginas: 182<\/p>\n<p>Formato: 15 x 23 cm<\/p>\n<p>&nbsp;<\/p>\n<p>&nbsp;<\/p>\n<p>&nbsp;<\/p>\n<p>&nbsp;<\/p>\n<p>&nbsp;<\/p>\n<p>&nbsp;<\/p>\n<p>&nbsp;<\/p>\n<p>&nbsp;<\/p>\n<p>&nbsp;<\/p>\n","protected":false},"featured_media":2495,"comment_status":"open","ping_status":"closed","template":"","meta":[],"product_brand":[],"product_cat":[183],"product_tag":[],"class_list":{"0":"post-2494","1":"product","2":"type-product","3":"status-publish","4":"has-post-thumbnail","6":"product_cat-183","8":"first","9":"instock","10":"taxable","11":"shipping-taxable","12":"product-type-simple"},"_links":{"self":[{"href":"https:\/\/ppediciones.cl\/index.php?rest_route=\/wp\/v2\/product\/2494","targetHints":{"allow":["GET"]}}],"collection":[{"href":"https:\/\/ppediciones.cl\/index.php?rest_route=\/wp\/v2\/product"}],"about":[{"href":"https:\/\/ppediciones.cl\/index.php?rest_route=\/wp\/v2\/types\/product"}],"replies":[{"embeddable":true,"href":"https:\/\/ppediciones.cl\/index.php?rest_route=%2Fwp%2Fv2%2Fcomments&post=2494"}],"wp:featuredmedia":[{"embeddable":true,"href":"https:\/\/ppediciones.cl\/index.php?rest_route=\/wp\/v2\/media\/2495"}],"wp:attachment":[{"href":"https:\/\/ppediciones.cl\/index.php?rest_route=%2Fwp%2Fv2%2Fmedia&parent=2494"}],"wp:term":[{"taxonomy":"product_brand","embeddable":true,"href":"https:\/\/ppediciones.cl\/index.php?rest_route=%2Fwp%2Fv2%2Fproduct_brand&post=2494"},{"taxonomy":"product_cat","embeddable":true,"href":"https:\/\/ppediciones.cl\/index.php?rest_route=%2Fwp%2Fv2%2Fproduct_cat&post=2494"},{"taxonomy":"product_tag","embeddable":true,"href":"https:\/\/ppediciones.cl\/index.php?rest_route=%2Fwp%2Fv2%2Fproduct_tag&post=2494"}],"curies":[{"name":"wp","href":"https:\/\/api.w.org\/{rel}","templated":true}]}}