{"id":2676,"date":"2024-07-12T05:45:29","date_gmt":"2024-07-12T05:45:29","guid":{"rendered":"https:\/\/ppediciones.cl\/?post_type=product&#038;p=2676"},"modified":"2024-12-25T03:16:43","modified_gmt":"2024-12-25T03:16:43","slug":"femicidio-y-otros-temas-ariel-diaz","status":"publish","type":"product","link":"https:\/\/ppediciones.cl\/?product=femicidio-y-otros-temas-ariel-diaz","title":{"rendered":"Femicidio y otros temas | Ariel D\u00edaz"},"content":{"rendered":"<p>\u201c&#8230;Para luego, despu\u00e9s de la ardua faena, asilarse en el alcohol, brindar, charlatanear, y una vez obnubilado por el efecto de este, descargar la rabia acumulada durante generaciones, v\u00edctimas todas, del mismo trato inhumano, indecente,\u00a0 de siglos de varillazos, de desesperanza, de impunidad, de ocultar la sonrisa desde edad temprana producto de un par de dientes que no est\u00e1n, que se han ca\u00eddo a causa de la mal nutrici\u00f3n, del nulo higiene, construyendo rostros duros, tristes, reacios a la carcajada en periodo de sobriedad. Y ante esta vor\u00e1gine de laceraciones que castigan al coraz\u00f3n y mutilan la autoestma, es inexistente el amor a s\u00ed mismo, entonces, y c\u00f3mo no, se maquilla la pena y es vergonzoso llorar, sobre todo si se es hombre, se atora para siempre en la garganta una piedra y salta ante la m\u00e1s m\u00ednima provocaci\u00f3n, el odio, el f\u00fanebre recuerdo, y vienen los golpes, la violencia, la ira negra, descarg\u00e1ndose unos contra otros como perros salvajes, parecidos a demonios que se dan de cabezazos por puro placer\u201d.<\/p>\n<p>&nbsp;<\/p>\n<p>Fragmento del cuento Un paseo por calle Calvo.<\/p>\n<p>&nbsp;<\/p>\n<p>Ariel Diaz Meneses naci\u00f3 en Rancagua en 1985. Curs\u00f3 estudios de Ingenier\u00eda en Gesti\u00f3n Publica en la Universidad Humanista Cristiana y luego ingres\u00f3 a la Universidad Arturo Prat para estudiar Pedagog\u00eda en Historia y Geograf\u00eda. Ha publicado el libro de Poemas \u201cAntes de ti\u201d y la novela titulada \u201cEl extra\u00f1o\u201d, ambos con Primeros Pasos Ediciones.<\/p>\n<p>&nbsp;<\/p>\n","protected":false},"excerpt":{"rendered":"<p>Fecha publicaci\u00f3n: abril 2024<\/p>\n<p>ISBN: 978-956-418-060-1<\/p>\n<p>P\u00e1ginas: 90<\/p>\n<p>Formato: 14 x 21.5 cm<\/p>\n","protected":false},"featured_media":2677,"comment_status":"open","ping_status":"closed","template":"","meta":[],"product_brand":[],"product_cat":[209,181],"product_tag":[],"class_list":{"0":"post-2676","1":"product","2":"type-product","3":"status-publish","4":"has-post-thumbnail","6":"product_cat-209","7":"product_cat-catalogo","9":"first","10":"instock","11":"taxable","12":"shipping-taxable","13":"product-type-simple"},"_links":{"self":[{"href":"https:\/\/ppediciones.cl\/index.php?rest_route=\/wp\/v2\/product\/2676","targetHints":{"allow":["GET"]}}],"collection":[{"href":"https:\/\/ppediciones.cl\/index.php?rest_route=\/wp\/v2\/product"}],"about":[{"href":"https:\/\/ppediciones.cl\/index.php?rest_route=\/wp\/v2\/types\/product"}],"replies":[{"embeddable":true,"href":"https:\/\/ppediciones.cl\/index.php?rest_route=%2Fwp%2Fv2%2Fcomments&post=2676"}],"wp:featuredmedia":[{"embeddable":true,"href":"https:\/\/ppediciones.cl\/index.php?rest_route=\/wp\/v2\/media\/2677"}],"wp:attachment":[{"href":"https:\/\/ppediciones.cl\/index.php?rest_route=%2Fwp%2Fv2%2Fmedia&parent=2676"}],"wp:term":[{"taxonomy":"product_brand","embeddable":true,"href":"https:\/\/ppediciones.cl\/index.php?rest_route=%2Fwp%2Fv2%2Fproduct_brand&post=2676"},{"taxonomy":"product_cat","embeddable":true,"href":"https:\/\/ppediciones.cl\/index.php?rest_route=%2Fwp%2Fv2%2Fproduct_cat&post=2676"},{"taxonomy":"product_tag","embeddable":true,"href":"https:\/\/ppediciones.cl\/index.php?rest_route=%2Fwp%2Fv2%2Fproduct_tag&post=2676"}],"curies":[{"name":"wp","href":"https:\/\/api.w.org\/{rel}","templated":true}]}}