{"id":2891,"date":"2025-02-06T03:31:09","date_gmt":"2025-02-06T03:31:09","guid":{"rendered":"https:\/\/ppediciones.cl\/?post_type=product&#038;p=2891"},"modified":"2025-03-09T04:31:55","modified_gmt":"2025-03-09T04:31:55","slug":"libreando-textos-escritos-por-jovenes-privados-de-libertad","status":"publish","type":"product","link":"https:\/\/ppediciones.cl\/?product=libreando-textos-escritos-por-jovenes-privados-de-libertad","title":{"rendered":"Libreando | Textos escritos por j\u00f3venes privados de libertad"},"content":{"rendered":"<p>Este libro re\u00fane textos escritos por hombres y mujeres j\u00f3venes privados de libertad en talleres dictados por Joaqu\u00edn Fuentes, tallerista de Fundaci\u00f3n Itaca, en el Centro Cerrado de Limache durante el a\u00f1o 2024. Poemas, cuentos cortos, cartas, entre otros ejercicios, nos muestran los diferentes colores con los que estos j\u00f3venes pueden pintar sus historias si se les da posibilidad.<br \/>\nFundaci\u00f3n Cultural para la Reinserci\u00f3n Social Itaca, ha tenido la fortuna de ver el poder de los libros, la expresi\u00f3n y el cari\u00f1o en uno de los rincones m\u00e1s abandonados de nuestra sociedad. En las c\u00e1rceles juveniles viven j\u00f3venes que empezaron a delinquir siendo ni\u00f1os. Muchos nunca han inventado un poema o fantaseado con mundos m\u00e1gicos y futuros posibles. En nuestros talleres es posible ese imposible. Se abren los muros de nuestras cabezas y corazones y nos encontramos. La palabra nos vuelve m\u00e1s libres y nos permite escribir una nueva historia. Infinitas gracias a los m\u00e1s de 3.000 j\u00f3venes que en estos a\u00f1os nos han mostrado la belleza y complejidad del ser humano. Admiramos su generosidad para abrir sus dolores, miedos y valientes alegr\u00edas.<\/p>\n","protected":false},"excerpt":{"rendered":"<p>Fecha publicaci\u00f3n: enero 2025<br \/>\nISBN: &#8211;<br \/>\nP\u00e1ginas: 58<br \/>\nFormato: 10.5 X 14 cm<\/p>\n","protected":false},"featured_media":2892,"comment_status":"open","ping_status":"closed","template":"","meta":[],"product_brand":[],"product_cat":[210,181],"product_tag":[],"class_list":{"0":"post-2891","1":"product","2":"type-product","3":"status-publish","4":"has-post-thumbnail","6":"product_cat-210","7":"product_cat-catalogo","9":"first","10":"instock","11":"taxable","12":"shipping-taxable","13":"product-type-simple"},"_links":{"self":[{"href":"https:\/\/ppediciones.cl\/index.php?rest_route=\/wp\/v2\/product\/2891","targetHints":{"allow":["GET"]}}],"collection":[{"href":"https:\/\/ppediciones.cl\/index.php?rest_route=\/wp\/v2\/product"}],"about":[{"href":"https:\/\/ppediciones.cl\/index.php?rest_route=\/wp\/v2\/types\/product"}],"replies":[{"embeddable":true,"href":"https:\/\/ppediciones.cl\/index.php?rest_route=%2Fwp%2Fv2%2Fcomments&post=2891"}],"wp:featuredmedia":[{"embeddable":true,"href":"https:\/\/ppediciones.cl\/index.php?rest_route=\/wp\/v2\/media\/2892"}],"wp:attachment":[{"href":"https:\/\/ppediciones.cl\/index.php?rest_route=%2Fwp%2Fv2%2Fmedia&parent=2891"}],"wp:term":[{"taxonomy":"product_brand","embeddable":true,"href":"https:\/\/ppediciones.cl\/index.php?rest_route=%2Fwp%2Fv2%2Fproduct_brand&post=2891"},{"taxonomy":"product_cat","embeddable":true,"href":"https:\/\/ppediciones.cl\/index.php?rest_route=%2Fwp%2Fv2%2Fproduct_cat&post=2891"},{"taxonomy":"product_tag","embeddable":true,"href":"https:\/\/ppediciones.cl\/index.php?rest_route=%2Fwp%2Fv2%2Fproduct_tag&post=2891"}],"curies":[{"name":"wp","href":"https:\/\/api.w.org\/{rel}","templated":true}]}}